{"id":1342,"date":"2023-05-11T11:35:16","date_gmt":"2023-05-11T09:35:16","guid":{"rendered":"https:\/\/www.memorial-odlozil.cz\/?page_id=1342"},"modified":"2025-06-05T09:43:04","modified_gmt":"2025-06-05T07:43:04","slug":"historie-1","status":"publish","type":"page","link":"https:\/\/www.memorial-odlozil.cz\/?page_id=1342","title":{"rendered":"Historie 1"},"content":{"rendered":"\t\t<div data-elementor-type=\"wp-page\" data-elementor-id=\"1342\" class=\"elementor elementor-1342\">\n\t\t\t\t\t\t\t\t\t<section class=\"elementor-section elementor-top-section elementor-element elementor-element-2f8db10d elementor-section-height-min-height elementor-section-content-bottom elementor-section-boxed elementor-section-height-default elementor-section-items-middle\" data-id=\"2f8db10d\" data-element_type=\"section\" data-settings=\"{&quot;background_background&quot;:&quot;classic&quot;}\">\n\t\t\t\t\t\t\t<div class=\"elementor-background-overlay\"><\/div>\n\t\t\t\t\t\t\t<div class=\"elementor-container elementor-column-gap-default\">\n\t\t\t\t\t<div class=\"elementor-column elementor-col-100 elementor-top-column elementor-element elementor-element-63f94963\" data-id=\"63f94963\" data-element_type=\"column\">\n\t\t\t<div class=\"elementor-widget-wrap elementor-element-populated\">\n\t\t\t\t\t\t\t\t<div class=\"elementor-element elementor-element-177ed18f elementor-widget elementor-widget-spacer\" data-id=\"177ed18f\" data-element_type=\"widget\" data-widget_type=\"spacer.default\">\n\t\t\t\t<div class=\"elementor-widget-container\">\n\t\t\t<style>\/*! elementor - v3.6.5 - 27-04-2022 *\/\n.e-container.e-container--row .elementor-spacer-inner{width:var(--spacer-size)}.e-container.e-container--column .elementor-spacer-inner,.elementor-column .elementor-spacer-inner{height:var(--spacer-size)}<\/style>\t\t<div class=\"elementor-spacer\">\n\t\t\t<div class=\"elementor-spacer-inner\"><\/div>\n\t\t<\/div>\n\t\t\t\t<\/div>\n\t\t\t\t<\/div>\n\t\t\t\t<div class=\"elementor-element elementor-element-e145647 elementor-widget elementor-widget-heading\" data-id=\"e145647\" data-element_type=\"widget\" data-widget_type=\"heading.default\">\n\t\t\t\t<div class=\"elementor-widget-container\">\n\t\t\t<style>\/*! elementor - v3.6.5 - 27-04-2022 *\/\n.elementor-heading-title{padding:0;margin:0;line-height:1}.elementor-widget-heading .elementor-heading-title[class*=elementor-size-]>a{color:inherit;font-size:inherit;line-height:inherit}.elementor-widget-heading .elementor-heading-title.elementor-size-small{font-size:15px}.elementor-widget-heading .elementor-heading-title.elementor-size-medium{font-size:19px}.elementor-widget-heading .elementor-heading-title.elementor-size-large{font-size:29px}.elementor-widget-heading .elementor-heading-title.elementor-size-xl{font-size:39px}.elementor-widget-heading .elementor-heading-title.elementor-size-xxl{font-size:59px}<\/style><h1 class=\"elementor-heading-title elementor-size-default\">historie<\/h1>\t\t<\/div>\n\t\t\t\t<\/div>\n\t\t\t\t<div class=\"elementor-element elementor-element-347300a6 elementor-widget elementor-widget-text-editor\" data-id=\"347300a6\" data-element_type=\"widget\" data-widget_type=\"text-editor.default\">\n\t\t\t\t<div class=\"elementor-widget-container\">\n\t\t\t<style>\/*! elementor - v3.6.5 - 27-04-2022 *\/\n.elementor-widget-text-editor.elementor-drop-cap-view-stacked .elementor-drop-cap{background-color:#818a91;color:#fff}.elementor-widget-text-editor.elementor-drop-cap-view-framed .elementor-drop-cap{color:#818a91;border:3px solid;background-color:transparent}.elementor-widget-text-editor:not(.elementor-drop-cap-view-default) .elementor-drop-cap{margin-top:8px}.elementor-widget-text-editor:not(.elementor-drop-cap-view-default) .elementor-drop-cap-letter{width:1em;height:1em}.elementor-widget-text-editor .elementor-drop-cap{float:left;text-align:center;line-height:1;font-size:50px}.elementor-widget-text-editor .elementor-drop-cap-letter{display:inline-block}<\/style>\t\t\t\t<p>Z HISTORIE MEMORI\u00c1LU JOSEFA ODLO\u017dILA<\/p>\t\t\t\t\t\t<\/div>\n\t\t\t\t<\/div>\n\t\t\t\t<div class=\"elementor-element elementor-element-2b78ef8c elementor-mobile-align-left elementor-widget elementor-widget-button\" data-id=\"2b78ef8c\" data-element_type=\"widget\" data-widget_type=\"button.default\">\n\t\t\t\t<div class=\"elementor-widget-container\">\n\t\t\t\t\t<div class=\"elementor-button-wrapper\">\n\t\t\t<a href=\"#c\" class=\"elementor-button-link elementor-button elementor-size-md\" role=\"button\">\n\t\t\t\t\t\t<span class=\"elementor-button-content-wrapper\">\n\t\t\t\t\t\t\t<span class=\"elementor-button-icon elementor-align-icon-left\">\n\t\t\t\t<i aria-hidden=\"true\" class=\"far fa-arrow-alt-circle-down\"><\/i>\t\t\t<\/span>\n\t\t\t\t\t\t<span class=\"elementor-button-text\">historie z\u00e1vodu<\/span>\n\t\t<\/span>\n\t\t\t\t\t<\/a>\n\t\t<\/div>\n\t\t\t\t<\/div>\n\t\t\t\t<\/div>\n\t\t\t\t<div class=\"elementor-element elementor-element-4f47c89 elementor-mobile-align-left elementor-widget elementor-widget-button\" data-id=\"4f47c89\" data-element_type=\"widget\" data-widget_type=\"button.default\">\n\t\t\t\t<div class=\"elementor-widget-container\">\n\t\t\t\t\t<div class=\"elementor-button-wrapper\">\n\t\t\t<a href=\"https:\/\/www.memorial-odlozil.cz\/?page_id=2662\" class=\"elementor-button-link elementor-button elementor-size-md\" role=\"button\">\n\t\t\t\t\t\t<span class=\"elementor-button-content-wrapper\">\n\t\t\t\t\t\t\t<span class=\"elementor-button-icon elementor-align-icon-left\">\n\t\t\t\t<i aria-hidden=\"true\" class=\"far fa-arrow-alt-circle-right\"><\/i>\t\t\t<\/span>\n\t\t\t\t\t\t<span class=\"elementor-button-text\">v\u00fdsledky ro\u010dn\u00edku 2025<\/span>\n\t\t<\/span>\n\t\t\t\t\t<\/a>\n\t\t<\/div>\n\t\t\t\t<\/div>\n\t\t\t\t<\/div>\n\t\t\t\t\t<\/div>\n\t\t<\/div>\n\t\t\t\t\t\t\t<\/div>\n\t\t<\/section>\n\t\t\t\t<section class=\"elementor-section elementor-top-section elementor-element elementor-element-e96d05e elementor-section-boxed elementor-section-height-default elementor-section-height-default\" data-id=\"e96d05e\" data-element_type=\"section\">\n\t\t\t\t\t\t<div class=\"elementor-container elementor-column-gap-default\">\n\t\t\t\t\t<div class=\"elementor-column elementor-col-100 elementor-top-column elementor-element elementor-element-679fb15\" data-id=\"679fb15\" data-element_type=\"column\">\n\t\t\t<div class=\"elementor-widget-wrap elementor-element-populated\">\n\t\t\t\t\t\t\t\t<div class=\"elementor-element elementor-element-ef4dd4c elementor-widget elementor-widget-text-editor\" data-id=\"ef4dd4c\" data-element_type=\"widget\" data-widget_type=\"text-editor.default\">\n\t\t\t\t<div class=\"elementor-widget-container\">\n\t\t\t\t\t\t\t\t\t\t\t\t\t<\/div>\n\t\t\t\t<\/div>\n\t\t\t\t\t<\/div>\n\t\t<\/div>\n\t\t\t\t\t\t\t<\/div>\n\t\t<\/section>\n\t\t\t\t<section class=\"elementor-section elementor-top-section elementor-element elementor-element-217f8b6c elementor-section-boxed elementor-section-height-default elementor-section-height-default\" data-id=\"217f8b6c\" data-element_type=\"section\" id=\"c\">\n\t\t\t\t\t\t<div class=\"elementor-container elementor-column-gap-default\">\n\t\t\t\t\t<div class=\"elementor-column elementor-col-100 elementor-top-column elementor-element elementor-element-59ff6d30\" data-id=\"59ff6d30\" data-element_type=\"column\">\n\t\t\t<div class=\"elementor-widget-wrap elementor-element-populated\">\n\t\t\t\t\t\t\t\t<div class=\"elementor-element elementor-element-b327e59 elementor-widget elementor-widget-text-editor\" data-id=\"b327e59\" data-element_type=\"widget\" data-widget_type=\"text-editor.default\">\n\t\t\t\t<div class=\"elementor-widget-container\">\n\t\t\t\t\t\t\t<div class=\"sec-title\"><div class=\"dector thm-bg-clr\"><h2 class=\"wp-block-heading\">2018<\/h2><p>Memori\u00e1l Josefa Odlo\u017eila 2018 nab\u00eddl atletick\u00e9 v\u00fdkony sv\u011btov\u00e9 \u00farovn\u011b \u00a0Bylo p\u0159ekon\u00e1no n\u011bkolik n\u00e1rodn\u00edch rekord\u016f a rekord\u016f m\u00edtinku. \u00a0V\u00a0\u0159ad\u011b discipl\u00edn padlo i mnoho osobn\u00edch rekord\u016f a nejlep\u0161\u00edch v\u00fdkon\u016f sezony.<\/p><p>V\u00edt\u011bzem z\u00e1vodu na 100 m mu\u017e\u016f se stal Ameri\u010dan Mike Rodgers. kter\u00fd Zab\u011bhl \u010das 9.92. Div\u00e1ci tak vid\u011bli nejrychlej\u0161\u00ed z\u00e1vod \u00a0od po\u010d\u00e1tku sezony v\u00a0t\u00e9to disciplin\u011b.<\/p><p>N\u00e1rodn\u00ed rekord a rekord m\u00edtinku padl v\u00a0b\u011bhu na 100 m p\u0159ek\u00e1\u017eek \u017een. O rekord m\u00edtinku se se postarala druh\u00e1 \u017eena sv\u011btov\u00fdch tabulek B\u011bloruska Elvira Herman \u010dasem 12.69. Tento \u010das byl z\u00e1rove\u0148 jej\u00edm nov\u00fdm osobn\u00edm rekordem. Druh\u00e9 m\u00edsto obsadila Rikenette Steinkamp,\u00a0 jej\u00ed\u017e \u010das 12.91 \u00a0se stal nov\u00fdm jihoafrick\u00fdch n\u00e1rodn\u00edm rekordem.<\/p><p>Vynikaj\u00edc\u00ed pod\u00edvanou nab\u00eddl tak\u00e9 z\u00e1vod na 400 metr\u016f p\u0159ek\u00e1\u017eek \u017een. Zv\u00edt\u011bzila Georganne Moline, jej\u00ed\u017e v\u00edt\u011bzn\u00fd \u010das 54.04 je nov\u00fdm rekordem m\u00edtinku. T\u0159et\u00ed m\u00edsto obsadila dvojn\u00e1sobn\u00e1 mistryn\u011b sv\u011bta Zuzana Hejnov\u00e1 \u010dasem 55.40.<\/p><p>Hlavn\u00ed memori\u00e1lovou discipl\u00ednou byl b\u011bh na 1500 metr\u016f, kde na t\u0159et\u00edm m\u00edst\u011b skon\u010dil halov\u00fd mistr Evropy a dr\u017eitel \u010desk\u00e9ho rekordu Jakub Holu\u0161a \u010dasem 3:36.98.<\/p><p>V\u00a0b\u011bhu na 110 m p\u0159ek\u00e1\u017eek mu\u017e\u016f vytvo\u0159il nov\u00fd n\u00e1rodn\u00ed rekord Ahmad Khader Almouwaled ze Saudsk\u00e9 Ar\u00e1bie. Jeho \u010das m\u011bl hodnotu 13.36.<\/p><p>V\u00a0b\u011bhu na 400 m mu\u017e\u016f obsadil druh\u00e9 m\u00edsto druh\u00e9m trojn\u00e1sobn\u00fd mistr sv\u011bta a n\u011bkolikan\u00e1sobn\u00fd halov\u00fd mistr Evropy Pavel Masl\u00e1k sv\u00fdm nejlep\u0161\u00edm \u010dasem sezony 45.73.<\/p><p>Velmi siln\u011b obsazenou discipl\u00ednou byla koule mu\u017e\u016f, kde suver\u00e9nn\u011b zv\u00edt\u011bzil olympijsk\u00fd v\u00edt\u011bz a rekordman Ameri\u010dan Ryan Crouser hodem 22.31, co\u017e je hodnota nov\u00e9ho rekordu m\u00edtinku.\u00a0Na t\u0159et\u00edm m\u00edst\u011b skon\u010dil dr\u017eitel \u010desk\u00e9ho rekorduTom\u00e1\u0161 Stan\u011bk hodem 20.71.<\/p><p>V\u00a0o\u0161t\u011bpu mu\u017e\u016f zv\u00edt\u011bzil Jakub Vadlejch, st\u0159\u00edbrn\u00fd medailista ze sv\u011btov\u00e9ho \u0161ampion\u00e1tu v\u00a0Lond\u00fdn\u011b. Hodil o\u0161t\u011bp do vzd\u00e1lenosti 89.02, co\u017e je jeho druh\u00fd nejlep\u0161\u00ed kari\u00e9rn\u00ed v\u00fdkon. V\u00a0t\u00e9to disciplin\u011b byl vytvo\u0159en tak\u00e9 moldavsk\u00fd n\u00e1rodn\u00ed rekord. Zajistil ho druh\u00fd v\u00a0po\u0159ad\u00ed Adrian Mardare hodem 84.43.<\/p><p>Kvalitn\u00ed v\u00fdkony vid\u011bli div\u00e1ci tak\u00e9 v\u00a0d\u00e1lce \u017een, kde zv\u00edt\u011bzila dr\u017eitelka zlat\u00e9 olympijsk\u00e9 medaile a mistryn\u011b sv\u011bta Ameri\u010danka Tianna Bartoletta v\u00fdkonem 653 centimetr\u016f.<\/p><h2 class=\"wp-block-heading\">2017<\/h2><p>P\u0159i \u00a0Memori\u00e1lu Josefa Odlo\u017eila 2017 byly p\u0159ekon\u00e1ny \u010dty\u0159i rekordy m\u00edtinku, p\u011bt n\u00e1rodn\u00edch rekord\u016f a jeden africk\u00fd rekord.<\/p><p>Siln\u011b byla obsazena hlavn\u00ed memori\u00e1lov\u00e1 discipl\u00edna b\u011bh na 1500 kde zv\u00edt\u011bzil Sadik Mikhou z\u00a0Bahrajnu nov\u00fdm rekordem m\u00edtinku, \u010dasem 3:32.31. Z\u00e1rove\u0148 se tak za\u0159adil na \u010dtvrt\u00e9 m\u00edsto leto\u0161n\u00edch sv\u011btov\u00fdch tabulek. Zv\u00edt\u011bzil tak nad halov\u00fdm vicemistrem sv\u011bta\u00a0 roku 2017 Jakubem Holu\u0161ou, kter\u00fd dob\u011bhl \u010dtvrt\u00fd ve sv\u00e9m nejlep\u0161\u00edm \u010dase sezony. Tento b\u011bh byl z\u00e1rove\u0148 druh\u00fdm nejrychlej\u0161\u00edm b\u011bhem dosavadn\u00edho pr\u016fb\u011bhu sez\u00f3ny ve sv\u011bt\u011b. Osm z\u00e1vodn\u00edk\u016f zab\u011bhlo pod 3:36 min.<\/p><p>Nejlep\u0161\u00ed v\u00fdkon historie m\u00edtinku byl p\u0159ekon\u00e1n tak\u00e9 v\u00a0b\u011bhu na 400m, kde po velmi vyrovnan\u00e9m souboji s\u00a0dvojn\u00e1sobn\u00fdm mistrem sv\u011bta a Evropy Pavlem Masl\u00e1kem\u00a0 zv\u00edt\u011bzil Slovinec Luka Jane\u017ei\u010d \u010dasem 45.21.<\/p><p>V\u00a0b\u011bhu na 110 m p\u0159ek\u00e1\u017eek byly krom\u011b rekordu m\u00edtinku p\u0159ekon\u00e1ny hned dva n\u00e1rodn\u00ed rekordy.\u00a0 Jihoafrick\u00fd n\u00e1rodn\u00ed rekord, rekord kontinentu a z\u00e1rove\u0148 rekord m\u00edtinku poko\u0159il v\u00edt\u011bzn\u00fd Antonio Alkana \u010dasem 13.11. Dal\u0161\u00ed n\u00e1rodn\u00ed rekord v\u00a0t\u00e9to discipl\u00edn\u011b vytvo\u0159il Ma\u010far Balazs Baji \u010dasen 13.24.<\/p><p>V\u00a0b\u011bhu na 100 m mu\u017e\u016f zv\u00edt\u011bzil\u00a0 Mosito Lehata, kdy\u017e \u010dasem 10.11 vyrovnal n\u00e1rodn\u00ed rekord Lesotha.<\/p><p>Kvalitn\u011b byl obsazen i o\u0161t\u011bp \u017een, v\u00a0n\u011bm\u017e zv\u00edt\u011bzila olympijsk\u00e1 medailistka, mistryn\u011b sv\u011bta a Evropy v\u00a0hodu o\u0161t\u011bpem, sv\u011btov\u00e1 rekordmanka a n\u011bkolikan\u00e1sobn\u00e1 v\u00edt\u011bzka Diamantov\u00e9 ligy Barbora \u0160pot\u00e1kov\u00e1 v\u00fdkonem 62.88. nad t\u0159et\u00ed \u017eenou sv\u011btov\u00fdch tabulek roku, B\u011bloruskou Ta\u0165\u00e1nou Chaladovi\u010dovou.<\/p><p>Velmi dobrou \u00farove\u0148 m\u011bl i mu\u017esk\u00fd o\u0161t\u011bp, kde zv\u00edt\u011bzil Jakub Vadlejch hodem 87.21 m. Druh\u00fd Adrian Mardere p\u0159ekonal n\u00e1rodn\u00ed rekord Mold\u00e1vie hodem 83.71.<\/p><p>Dal\u0161\u00ed rekord m\u00edtinku a n\u00e1rodn\u00ed rekord padl v\u00a0kladivu \u017een. Vytvo\u0159ila jej Polka Malwina Kopronov\u00e1 hodem 73.98.<\/p><p>Ve vrhu koul\u00ed zv\u00edt\u011bzil dr\u017eitel \u010desk\u00e9ho rekordu koula\u0159 Stan\u011bk hodem dlouh\u00fdm 20,98 metru.<\/p><h2 class=\"wp-block-heading\">2016<\/h2><p>V\u00a0pr\u016fb\u011bhu Memori\u00e1lu Josefa Odlo\u017eila 2016 byly p\u0159ekon\u00e1ny dva n\u00e1rodn\u00ed rekordy a tak\u00e9 n\u011bkolik rekord\u016f m\u00edtinku.<\/p><p>V\u00a0b\u011bhu na 100 m mu\u017e\u016f Praha poprv\u00e9 vid\u011bla stovku pod deset vte\u0159in. Ben Youssef Meit\u00e9 z\u00a0Pob\u0159e\u017e\u00ed Slonoviny poko\u0159il \u010dasem 9.99 dosavadn\u00ed rekord m\u00edtinku a vytvo\u0159il z\u00e1rove\u0148 n\u00e1rodn\u00ed rekord sv\u00e9 zem\u011b.<\/p><p>V\u00a0b\u011bhu na 3000 m p\u0159ek\u00e1\u017eek \u017een zv\u00edt\u011bzila nov\u00fdm brazilsk\u00fdm rekordem 9:38.63 Juliana Paula Dos Santos.<\/p><p>Skv\u011blou pod\u00edvanou nab\u00eddla hlavn\u00ed memori\u00e1lov\u00e1 discipl\u00edna b\u011bh na 1500 metr\u016f. Hlavn\u00ed favorit Alsadik Mikhou z\u00a0Bahrajnu zv\u00edt\u011bzil v\u00a0\u010dase 3:32.86, kter\u00fd je nov\u00fdm rekordem m\u00edtinku. Z\u00e1rove\u0148 do doby kon\u00e1n\u00ed m\u00edtinku byl druh\u00fdm nejlep\u0161\u00edm b\u011b\u017ecem na sv\u011bt\u011b v\u00a0t\u00e9to discipl\u00edn\u011b v\u00a0roce 2016. Druh\u00e9 m\u00edsto obsadil v\u00fdborn\u00fdm \u010dasem vicemistr\u00a0z halov\u00e9ho mistrovstv\u00ed sv\u011bta tohoto roku Jakub Holu\u0161a ve sv\u00e9m druh\u00e9m nejlep\u0161\u00edm \u010dase kari\u00e9ry.<\/p><p>V\u00a0b\u011bhu na 400 m zv\u00edt\u011bzil dvojn\u00e1sobn\u00fd mistr sv\u011bta a mistr Evropy v hale Pavel Masl\u00e1k.<\/p><p>Prvn\u00ed m\u00edsto v hodu o\u0161t\u011bpem z\u00edskala v siln\u00e9 konkurenci dr\u017eitelka zlat\u00fdch olympijsk\u00fdch medail\u00ed, mistryn\u011b sv\u011bta a Evropy v hodu o\u0161t\u011bpem, sv\u011btov\u00e1 rekordmanka a n\u011bkolikan\u00e1sobn\u00e1 v\u00edt\u011bzka Diamantov\u00e9 ligy Barbora \u0160pot\u00e1kov\u00e1.<\/p><h2 class=\"wp-block-heading\">2015<\/h2><p>Prvn\u00ed m\u00edsto v\u00a0b\u011bhu na 400 m mu\u017e\u016f vybojoval halov\u00fd mistr Evropy 2015 a \u010desk\u00fd rekordman Pavel Masl\u00e1k.<\/p><p>Vynikaj\u00edc\u00ed pod\u00edvanou slibovala hlavn\u00ed memori\u00e1lov\u00e1 discipl\u00edna \u2013 b\u011bh na 1500 metr\u016f. Div\u00e1ci s\u00a0nap\u011bt\u00edm sledovali start halov\u00e9ho mistra Evropy 2015 Jakuba Holu\u0161i, kter\u00fd ohl\u00e1sil pokus o p\u0159ekon\u00e1n\u00ed \u010desk\u00e9ho rekordu v\u00a0t\u00e9to disciplin\u011b. Mezi\u010dasy nasv\u011bd\u010dovaly tomu, \u017ee jeho z\u00e1v\u011bre\u010dn\u00fd \u010das bude vynikaj\u00edc\u00ed. Po kolizi v\u0161ak musel odstoupit.<\/p><p>V\u00fdborn\u011b byl obsazen o\u0161t\u011bp \u017een, v\u00a0n\u011bm\u017e zv\u00edt\u011bzila olympijsk\u00e1 v\u00edt\u011bzka, mistryn\u011b sv\u011bta a Evropy, v\u00edt\u011bzka Diamantov\u00e9 ligy a sv\u011btov\u00e1 rekordmanka Barbora \u0160pot\u00e1kov\u00e1. Soupe\u0159kami j\u00ed byly takov\u00e9 hv\u011bzdy jako v\u00edt\u011bzka Diamantov\u00e9 ligy Lu Chuej-Chuej nebo mistryn\u011b Evropy Linda Stahl.<\/p><p>Ty\u010dku ovl\u00e1dl ve v\u00fdte\u010dn\u00e9 form\u011b z\u00e1vod\u00edc\u00ed Brazilec Thiago Braz, t\u0159et\u00ed skon\u010dil dr\u017eitel bronzov\u00e9 medaile z\u00a0lo\u0148sk\u00e9ho mistrovstv\u00ed Evropy Jan Kudli\u010dka. Mezi v\u00fd\u0161ka\u0159i zv\u00edt\u011bzil Rus Alexandr \u0160ustov, na druh\u00e9m m\u00edst\u011b skon\u010dil dvojn\u00e1sobn\u00fd bronzov\u00fd medailista z halov\u00fdch mistrovstv\u00ed Evropy a dr\u017eitel bronzov\u00e9 olympijsk\u00e9 medaile Jaroslav B\u00e1ba. V\u00fdborn\u00e9 v\u00fdkony pod\u00e1vali i koula\u0159i v\u00a0\u010dele s\u00a0dr\u017eitelem bronzov\u00e9 medaile z\u00a0mistrovstv\u00ed sv\u011bta Luk\u00e1\u0161em Melichem. V\u00a0b\u011bhu na 100 metr\u016f mu\u017e\u016f p\u0159ekonal rekord m\u00edtinku Heinrich Bruintjies \u010dasem 10,07 sec. V\u00fdte\u010dn\u00e9 v\u00fdkony vid\u011bli div\u00e1ci v\u00a0trojskoku \u017een. Osobn\u00ed rekordy zde p\u0159ekonaly v\u00edt\u011bzn\u00e1 Bulharka Gabriela Petrovov\u00e1 a st\u0159\u00edbrn\u00e1 Izraelka Hanna K\u0148azajevov\u00e1.<\/p><h2 class=\"wp-block-heading\">2014<\/h2><p>Memori\u00e1l Josefa Odlo\u017eila 2014 nab\u00eddl sv\u011btov\u00e9 v\u00fdkony na\u0161ich a zahrani\u010dn\u00edch atlet\u016f. Velmi dob\u0159e byl obsazen o\u0161t\u011bp \u017een i mu\u017e\u016f. Div\u00e1ci vid\u011bli n\u00e1vrat po mate\u0159sk\u00e9 dovolen\u00e9 dvojn\u00e1sobn\u00e9 olympijsk\u00e9 v\u00edt\u011bzky a leto\u0161n\u00ed mistryn\u011b Evropy v hodu o\u0161t\u011bpem Barbory \u0160pot\u00e1kov\u00e9. Nad sv\u00fdmi soupe\u0159kami zv\u00edt\u011bzila hodem 64,08 metru. V\u00a0hodu o\u0161t\u011bpem mu\u017e\u016f zv\u00edt\u011bzil Petr Frydrych, kter\u00fd se hodem 85.07 m ujal veden\u00ed v\u00a0evropsk\u00fdch tabulk\u00e1ch a z\u00e1rove\u0148 vytvo\u0159il t\u0159et\u00ed nejlep\u0161\u00ed sv\u011btov\u00fd v\u00fdkon roku v\u00a0t\u00e9to disciplin\u011b.<\/p><p>V\u00a0hlavn\u00ed memori\u00e1lov\u00e9 d\u00edsciplin\u011b b\u011bhu na 1500 metr\u016f p\u0159edvedl skv\u011bl\u00fd v\u00fdkon Jakub Holu\u0161a. Dob\u011bhl\u00a0v \u010dase 3:36.32, kter\u00fd je druh\u00fdm nejlep\u0161\u00edm \u010desk\u00fdm v\u00fdkonem v\u0161ech dob a t\u0159et\u00edm nejlep\u0161\u00edm evropsk\u00fdm \u010dasem sezony.<\/p><p>Byly p\u0159ekon\u00e1ny i \u010dty\u0159i rekordy m\u00edtinku. V\u00a0hodu kladivem se o to zaslou\u017eila Iryna Novozhylova (70,29 m). Dosavadn\u00ed rekord m\u00edtinku v\u00a0b\u011bhu na 200 m mu\u017e\u016f p\u0159ekonal Danny Talbot v\u00a0\u010dase 20.36. Dal\u0161\u00ed rekord m\u00edtinku zab\u011bhl na 110 m p\u0159ek\u00e1\u017eek Yordan O\u2018 Farill \u010dasem 13.19, co\u017e byl druh\u00fd nejlep\u0161\u00ed sv\u011btov\u00fd v\u00fdkon roku. Ve skoku o ty\u010di p\u0159ekonal dosavadn\u00ed rekord m\u00edtinku Piotr Lisek (5.82m). V\u00a0t\u00e9to disciplin\u011b startoval i dr\u017eitel bronzov\u00e9 medaile z\u00a0leto\u0161n\u00edho mistrovstv\u00ed Evropy Jan Kudli\u010dka.<\/p><h2 class=\"wp-block-heading\">2013<\/h2><p>Memori\u00e1l Josefa Odlo\u017eila 2013 nab\u00eddl i p\u0159es nep\u0159\u00edze\u0148 po\u010das\u00ed kvalitn\u00ed v\u00fdkony na\u0161ich a zahrani\u010dn\u00edch atlet\u016f.\u00a0<strong>Startovalo zde n\u011bkolik sou\u010dasn\u00fdch mistr\u016f sv\u011bta a medailist\u016f z\u00a0leto\u0161n\u00edho mistrovstv\u00ed sv\u011bta v\u00a0Moskv\u011b.<\/strong><\/p><p><strong>Div\u00e1k\u016fm se p\u0159edstavila sou\u010dasn\u00e1 nejlep\u0161\u00ed sv\u011btov\u00e1 p\u0159ek\u00e1\u017ek\u00e1\u0159ka, mistryn\u011b sv\u011bta a v\u00edt\u011bzka leto\u0161n\u00ed Diamantov\u00e9 ligy Zuzana Hejnov\u00e1. V<\/strong>\u00a0z\u00e1vod\u011b na 400 m p\u0159ek\u00e1\u017eek zv\u00edt\u011bzila nad soupe\u0159kami v \u010dase 54.55 sec. V\u00a0b\u011bhu na 400 m mu\u017e\u016f se um\u00edstil na prvn\u00edm m\u00edst\u011b \u010dasem 45.40 sec mistr Evropy\u00a0<strong>Pavel Masl\u00e1k.\u00a0<\/strong>Roli favorita v\u00a0hodu o\u0161t\u011bpem mu\u017e\u016f potvrdil mistr sv\u011bta a Evropy, v\u00edt\u011bz Diamantov\u00e9 ligy\u00a0<strong>V\u00edt\u011bzslav Vesel\u00fd<\/strong>, kter\u00fd zv\u00edt\u011bzil v\u00fdkonem 86.94 m. Z\u00e1vod na 100 m p\u0159ek\u00e1\u017eek \u017een\u00a0 vyhr\u00e1la v\u00a0\u010dase 13 sec dr\u017eitelka bronzov\u00e9 medaile z leto\u0161n\u00edho\u00a0mistrovstv\u00ed sv\u011bta\u00a0<strong>Tiffany Porter<\/strong>.<\/p><p>Div\u00e1ci vid\u011bli i n\u011bkolik rekord\u016f m\u00edtinku. Jeden z\u00a0nich vytvo\u0159il ve skoku o ty\u010di v\u00fdkonem 582 cm\u00a0<strong>Raphael Holzdeppe, mistr sv\u011bta,\u00a0<\/strong>bronzov\u00fd olympijsk\u00fd medalista a v\u00edt\u011bz leto\u0161n\u00edho m\u00edtinku Diamantov\u00e9 ligy v \u0158\u00edm\u011b. Dosavadn\u00ed rekord m\u00edtinku tak\u00e9 p\u0159ekonal v\u00a0b\u011bhu na 100 m mu\u017e\u016f\u00a0<strong>James Dassaolu<\/strong>\u00a0z\u00a0Velk\u00e9 Brit\u00e1nie v\u00fdkonem 10.08 sec. Dal\u0161\u00ed rekord Memori\u00e1lu Josefa Odlo\u017eila poko\u0159ila v\u00a0z\u00e1vod\u011b na 4\u00d7100 m polsk\u00e1 \u0161tafeta \u017een \u010dasem 43.83 sec. Rekord m\u00edtinku ve vrhu koul\u00ed \u017een vytvo\u0159ila st\u0159\u00edbrn\u00e1 medailistka z\u00a0mistrovstv\u00ed sv\u011bta\u00a0<strong>Christina Schwanitz<\/strong>\u00a0v\u00fdkonem 19.94 m.<\/p><h2 class=\"wp-block-heading\">2012<\/h2><p>Na\u00a0Memori\u00e1lu Josefa Odlo\u017eila 2012 vytvo\u0159ila Zuzana Hejnov\u00e1 nov\u00fd rekord m\u00edtinku v\u00a0b\u011bhu na\u00a0400 metr\u016f p\u0159ek\u00e1\u017eek \u010dasem 54.43. Dal\u0161\u00ed rekord m\u00edtinku vytvo\u0159ila Silke Spiegelburg ve\u00a0skoku o\u00a0ty\u010di v\u00fdkonem 4.76, \u010d\u00edm\u017e dos\u00e1hla druh\u00e9ho nejlep\u0161\u00edho sv\u011btov\u00e9ho v\u00fdkonu roku. Rekord m\u00edtinku poko\u0159ila polsk\u00e1 \u0161tafeta na\u00a04\u2005x\u2005100 metr\u016f \u017een. V\u00a0hlavn\u00edm z\u00e1vod\u011b na\u00a01500\u2005m mu\u017e\u016f se poda\u0159ilo p\u0159ekonat rekord m\u00edtinku Dirirsa Teshomem \u010dasem 3:34.55. Dal\u0161\u00edch osm borc\u016f zab\u011bhlo \u010das pod hranici 3:40. Kurt Couto v\u00a0z\u00e1vodu na\u00a0400 metr\u016f p\u0159ek\u00e1\u017eek vytvo\u0159il nov\u00fd n\u00e1rodn\u00ed rekord Mozambiku. Div\u00e1ci mohli vid\u011bt tak\u00e9 olympijskou v\u00edt\u011bzku, mistryni sv\u011bta a\u00a0sv\u011btovou rekordmanku Barboru \u0160pot\u00e1kovou, a\u00a0celou \u010deskou atletickou \u0161pi\u010dku v\u00a0\u010dele se Zuzanou Hejnovou, Denisou Rosolovou, Jakubem Holu\u0161ou, Pavlem Masl\u00e1kem a\u00a0Ji\u0159inou Pt\u00e1\u010dn\u00edkovou, kter\u00e1 si vytvo\u0159ila osobn\u00ed rekord ve\u00a0skoku o\u00a0ty\u010di a\u00a0postarala se o\u00a0\u010dtvrt\u00fd nejlep\u0161\u00ed v\u00fdkon na\u00a0sv\u011bt\u011b.<\/p><h2 class=\"wp-block-heading\">2011<\/h2><p>Na\u00a0Memori\u00e1lu Josefa Odlo\u017eila Marcela Lustigov\u00e1 vytvo\u0159ila nov\u00fd \u010desk\u00fd rekord v\u00a0b\u011bhu na\u00a03000m p\u0159ek\u00e1\u017eek. Z\u00e1rove\u0148 byl p\u0159ekon\u00e1n i\u00a0juniorsk\u00fd rekord v\u00a0hodu o\u0161t\u011bpem, kter\u00fd p\u0159ekonala Irena \u0160ediv\u00e1 sv\u00fdm hodem 56,38m.<\/p><p>Jurkevi\u010ds Dmitrijs v\u00a0z\u00e1vodu na\u00a01500m vytvo\u0159il nov\u00fd Litevsk\u00fd n\u00e1rodn\u00ed rekord.<\/p><p>Div\u00e1ci mohli vid\u011bt sou\u010dasnou nejlep\u0161\u00ed o\u0161t\u011bpa\u0159ku sv\u011bta, olympijskou v\u00edt\u011bzku, mistryni sv\u011bta a\u00a0sv\u011btovou rekordmanku Barboru \u0160pot\u00e1kovou., kter\u00e1 si na\u00a0Memori\u00e1lu Josefa Odlo\u017eila hodila nejlep\u0161\u00ed v\u00fdkon sez\u00f3ny. Nov\u00e9 rekordy m\u00edtingu vytvo\u0159ila Zuzana Hejnov\u00e1, Jaroslav B\u00e1ba a\u00a0Veleba, Vojt\u00edk, \u0160ulc, Milo ve\u00a0\u0161tafet\u011b.<\/p><p>Ro\u010dn\u00edk 2011 m\u011bl velmi pozitivn\u00ed medi\u00e1ln\u00ed ohlas jak doma tak i\u00a0v\u00a0zahrani\u010d\u00ed. Stadion Julisku osobn\u011b nav\u0161t\u00edvilo p\u0159es 10\u00a0000 div\u00e1k\u016f.<\/p><h2 class=\"wp-block-heading\">2010<\/h2><p>Na\u00a0m\u00edtinku byl vytvo\u0159en nov\u00fd \u010desk\u00fd rekord. V\u00a0b\u011bhu na\u00a0110m p\u0159ek\u00e1\u017eek jej zab\u011bhl Petr Svoboda.<\/p><p>V\u00edt\u011bzkou hodu \u017een o\u0161t\u011bpem se stala Sunette Viljoen, jej\u00ed\u017e hod se z\u00e1rove\u0148 stal nov\u00fdm rekordem Jihoafrick\u00e9 republiky a\u00a0tak\u00e9 africk\u00fdm rekordem.<\/p><p>Div\u00e1ci mohli vid\u011bt sou\u010dasnou nejlep\u0161\u00ed o\u0161t\u011bpa\u0159ku sv\u011bta, olympijskou v\u00edt\u011bzku, mistryni sv\u011bta a\u00a0sv\u011btovou rekordmanku Barboru \u0160pot\u00e1kovou.<\/p><p>\u0158ada \u010desk\u00fdch atlet\u016f splnila limity pro \u00fa\u010dast na\u00a0mistrovstv\u00ed Evropy v\u00a0Barcelon\u011b. Skv\u011blou formu potvrdila Zuzana Hejnov\u00e1, kter\u00e1 z\u00e1vod na\u00a0400\u2005m dob\u011bhla ve\u00a0sv\u00e9m druh\u00e9m nejlep\u0161\u00edm \u010dase leto\u0161n\u00ed sezony a\u00a0\u010dtvrt\u00e9m sv\u011btov\u00e9m \u010dase.<\/p><p>M\u00edtink byl vys\u00edl\u00e1n v\u00a0p\u0159\u00edm\u00e9m p\u0159enosu \u010ceskou televiz\u00ed. Z\u00e1rove\u0148 byl p\u0159\u00edm\u00fd p\u0159enos zprost\u0159edkov\u00e1n do\u00a0v\u00edce ne\u017e 50 zem\u00ed sv\u011bta.<\/p><h2 class=\"wp-block-heading\">2009<\/h2><p>Ve\u00a0v\u00fdborn\u011b obsazen\u00fdch z\u00e1vodech vid\u011bli div\u00e1ci kvalitn\u00ed atletick\u00e9 v\u00fdkony. Mezi nejlep\u0161\u00ed pat\u0159il hod o\u0161t\u011bpem olympijsk\u00e9 v\u00edt\u011bzky Barbory \u0160pot\u00e1kov\u00e9. Zv\u00edt\u011bzila druh\u00fdm nejlep\u0161\u00edm sv\u011btov\u00fdm v\u00fdkonem roku a\u00a0z\u00e1rove\u0148 sv\u00fdm nejdel\u0161\u00edm hodem roku 2009.<\/p><p>Div\u00e1ci vid\u011bli krom\u011b mnoha sv\u011btov\u00fdch v\u00fdkon\u016f i\u00a0t\u0159i rekordy m\u00edtinku. Prvn\u00edm z\u00a0nich ozdobil \u00favod Memori\u00e1lu americk\u00fd p\u0159ek\u00e1\u017ek\u00e1\u0159 Dexter Faulk, kter\u00fd si z\u00e1rove\u0148 vytvo\u0159il osobn\u00ed rekord. Dal\u0161\u00ed rekord m\u00edtinku zab\u011bhl v\u00a0z\u00e1vod\u011b na\u00a0400\u2005m mu\u017e\u016f David Greene, kter\u00fd zv\u00edt\u011bzil p\u0159ed mistrem Evropy Periklisem Iakovakicsem. O\u00a0t\u0159et\u00ed rekord m\u00edtinku se postarala \u010desk\u00e1 \u0161tafeta v\u00a0b\u011bhu na\u00a04x100m.<\/p><p>I\u00a0dal\u0161\u00ed discipliny byly velmi kvalitn\u011b obsazeny. Na\u00a0\u010dtvrtce p\u0159ek\u00e1\u017eek \u017een triumfovala vicemistryn\u011b sv\u011bta Lashinda Demus. V\u00a0sout\u011b\u017ei kladiv\u00e1\u0159\u016f zv\u00edt\u011bzil vedouc\u00ed mu\u017e sv\u011btov\u00fdch tabulek a\u00a0st\u0159\u00edbrn\u00fd z\u00a0posledn\u00ed olympi\u00e1dy Kristi\u00e1n Pars. Ve\u00a0t\u0159ech disciplin\u00e1ch se p\u0159edstavil tak\u00e9 sv\u011btov\u00fd rekordman v\u00a0desetiboji Roman \u0160ebrle. V\u00a0b\u011bhu na\u00a0100m p\u0159ek\u00e1\u017eek startovala halov\u00e1 vicemistryn\u011b Evropy Lucie \u0160krob\u00e1kov\u00e1 a\u00a0obsadila druhou p\u0159\u00ed\u010dku.<\/p><p>Na\u00a0m\u00edtinku padly tak\u00e9 dva \u010desk\u00e9 juniorsk\u00e9 rekordy \u2013 v\u00a0b\u011bhu \u0161tafet na\u00a04x100m a\u00a0na\u00a0110\u2005m p\u0159ek\u00e1\u017eek.<\/p><h2 class=\"wp-block-heading\">2008<\/h2><p>P\u0159esto\u017ee z\u00e1vody poznamenala nep\u0159\u00edze\u0148 po\u010das\u00ed, padl na\u00a0nich \u010desk\u00fd rekord v\u00a0b\u011bhu na\u00a0110\u2005m p\u0159ek\u00e1\u017eek mu\u017e\u016f, byly p\u0159ekon\u00e1ny t\u0159i rekordy m\u00edtinku a\u00a0div\u00e1ci vid\u011bli kvalitn\u00ed v\u00fdkony v\u00a0\u0159ad\u011b disciplin.<\/p><p>Sou\u010dasn\u00e1 nejlep\u0161\u00ed o\u0161t\u011bpa\u0159ka sv\u011bta, dr\u017eitelka zlat\u00e9 medaile z\u00a0mistrovstv\u00ed sv\u011bta v\u00a0Osace 2007 a\u00a0atletka roku 2007, Barbora \u0160pot\u00e1kov\u00e1 p\u0159edvedla nejdel\u0161\u00ed hod, jak\u00fd kdy byl na\u00a0\u00fazem\u00ed \u010cesk\u00e9 republiky dosa\u017een. Sou\u010dasn\u011b tak p\u0159ekonala rekord Memori\u00e1lu Josefa Odlo\u017eila. Barbora \u0160pot\u00e1kov\u00e1 byla Sv\u011btovou atletickou federac\u00ed vyhl\u00e1\u0161ena nejlep\u0161\u00ed atletkou sv\u011bta v\u00a0m\u011bs\u00edci \u010dervnu 2008. K\u00a0tomu p\u0159isp\u011bl i\u00a0hod 68,81\u2005m na\u00a0Memori\u00e1lu Josefa Odlo\u017eila.<\/p><p>Skv\u011blou formu potvrdil Petr Svoboda, kter\u00fd v\u00a0b\u011bhu na\u00a0110\u2005m p\u0159ek\u00e1\u017eek p\u0159ekonal sv\u00fdm \u010dasem sv\u011btov\u00e9 \u00farovn\u011b 21 let star\u00fd \u010desk\u00fd rekord. Nov\u00fd rekord m\u011bl hodnotu 13,43 sec.<\/p><p>Div\u00e1k\u016fm se v\u00a0hodu koul\u00ed p\u0159edstavil i\u00a0Roman \u0160ebrle, sv\u011btov\u00fd rekordman, olympijsk\u00fd v\u00edt\u011bz, mistr sv\u011bta, n\u011bkolikan\u00e1sobn\u00fd halov\u00fd mistr Evropy a\u00a0sv\u011bta a\u00a0dvojn\u00e1sobn\u00fd mistr Evropy.<\/p><p>Kvalitn\u011b obsazeny byly t\u00e9\u017e p\u0159ek\u00e1\u017eky \u017een. Polka Aurelia Trywiansk\u00e1 zab\u011bhla rekord m\u00edtinku \u010dasem 12.81, \u010das pod 13 sekund zab\u011bhla i\u00a0jej\u00ed soupe\u0159ka v\u00a0z\u00e1vod\u011b Derval O\u00b4Rourke, halov\u00e1 mistryn\u011b sv\u011bta.<\/p><p>Na\u00a0m\u00edtinku dominoval i\u00a0jeden z\u00a0adept\u016f zlat\u00e9ho pokladu Golden League d\u00e1lka\u0159 Hussein Al-Sabee, kdy\u017e dol\u00e9tl do\u00a0vzd\u00e1lenosti 814\u2005cm.<\/p><p>Reprezenta\u010dn\u00ed \u010desk\u00e1 mu\u017esk\u00e1 \u0161tafeta ve\u00a0slo\u017een\u00ed Luk\u00e1\u0161 Milo, Vojt\u011bch \u0160ulc, Jan Schiller a\u00a0Ji\u0159\u00ed Vojt\u00edk, zab\u011bhla \u010das 39.58 a\u00a0poko\u0159ila tak dal\u0161\u00ed rekord m\u00edtinku.<\/p><h2 class=\"wp-block-heading\">2007<\/h2><p>Memori\u00e1l Josefa Odlo\u017eila 2007 nab\u00eddl celou \u0159adu atletick\u00fdch lah\u016fdek, \u0161est p\u0159ekonan\u00fdch rekord\u016f m\u00edtinku a\u00a0n\u011bkolik nejlep\u0161\u00edch evropsk\u00fdch v\u00fdkon\u016f roku.<\/p><p>Velmi dob\u0159e byla obsazena b\u011b\u017eeck\u00e1 discipl\u00edna 3000 metr\u016f p\u0159ek\u00e1\u017eek, v\u00a0kter\u00e9 p\u0159edvedl Ke\u0148an Collins Kosgei do\u00a0t\u00e9 doby druh\u00fd nejlep\u0161\u00ed sv\u011btov\u00fd v\u00fdkon roku (8:14,32) a\u00a0p\u0159ekonal tak z\u00e1rove\u0148 i\u00a0rekord m\u00edtinku z\u00a0roku 2006.<\/p><p>Dal\u0161\u00ed rekord m\u00edtinku byl p\u0159ekon\u00e1n v\u00a0b\u011bhu na\u00a0200\u2005m \u017een. Zaslou\u017eila se o\u00a0to Ameri\u010danka Stephanie Durstov\u00e1, kter\u00e1 o\u00a0dva dny pozd\u011bji z\u00edskala zlatou medaili na\u00a0z\u00e1vodech Golden League v\u00a0Oslo. Rekord m\u00edtinku p\u0159ekonal tak\u00e9 jamajsk\u00fd b\u011b\u017eec Clement Campbell v\u00a0b\u011bhu na\u00a0200\u2005m mu\u017e\u016f. \u010casem 20.37 se za\u0159adil na\u00a0des\u00e1t\u00e9 m\u00edsto pr\u016fb\u011b\u017en\u00fdch sv\u011btov\u00fdch tabulek.<\/p><p>Velmi dobr\u00fd v\u00fdkon podala i\u00a0rusk\u00e1 ty\u010dka\u0159ka Anastasia Shvedovov\u00e1. P\u0159ekonala la\u0165ku ve\u00a0v\u00fd\u0161ce 465\u2005cm a\u00a0zlep\u0161ila tak o\u00a014 centimetr\u016f dosavadn\u00ed rekord slavn\u00e9 Ameri\u010danky Stacy Dragilaov\u00e9 (451). Jej\u00ed v\u00fdkon se za\u0159adil na\u00a0druh\u00e9 m\u00edsto pr\u016fb\u011b\u017en\u00fdch sv\u011btov\u00fdch tabulek.<\/p><p>Skv\u011bl\u00e9 obsazen\u00ed nab\u00eddlo i\u00a0kladivo mu\u017e\u016f. Na\u00a0startovn\u00ed listin\u011b se objevilo sedm borc\u016f z\u00a0prvn\u00ed sv\u011btov\u00e9 des\u00edtky. Zv\u00edt\u011bzil suver\u00e9n roku 2007 Primoz Kozmus.<\/p><p>Ve\u00a0t\u0159ech disciplin\u00e1ch se div\u00e1k\u016fm p\u0159edstavil mistr sv\u011bta 2007, sv\u011btov\u00fd rekordman a\u00a0olympijsk\u00fd v\u00edt\u011bz v\u00a0desetiboji, Roman \u0160ebrle.<\/p><p>Pr\u016fb\u011bh z\u00e1vod\u016f byl zprost\u0159edkov\u00e1n div\u00e1k\u016fm v\u00a0p\u0159\u00edm\u00e9m p\u0159enosu nejen \u010ceskou televiz\u00ed, ale i\u00a0mezin\u00e1rodn\u00ed stanic\u00ed Eurosport, kter\u00e1 nav\u00edc odvys\u00edlala je\u0161t\u011b dal\u0161\u00ed dv\u011b repr\u00edzy. Prost\u0159ednictv\u00edm Eurosportu shl\u00e9dlo Memori\u00e1l Josefa Odlo\u017eila p\u0159es 2,5 milionu div\u00e1k\u016f ve\u00a0v\u00edce ne\u017e 40 zem\u00edch sv\u011bta.<\/p><h2 class=\"wp-block-heading\">2006<\/h2><p>Memori\u00e1l Josefa Odlo\u017eila 2006 se konal pod z\u00e1\u0161titou a\u00a0za\u00a0osobn\u00ed \u00fa\u010dasti prezidenta republiky V\u00e1clava Klause a\u00a0se spolupo\u0159adatelstv\u00edm hlavn\u00edho m\u011bsta Prahy.<\/p><p>Vrcholem z\u00e1vod\u016f byl b\u011bh na\u00a03000\u2005m p\u0159ek\u00e1\u017eek, v\u00a0n\u011bm\u017e zv\u00edt\u011bzil Ke\u0148an Koech a\u00a0vytvo\u0159il rekord Memori\u00e1lu Josefa Odlo\u017eila a\u00a0do\u00a0kon\u00e1n\u00ed m\u00edtinku nejlep\u0161\u00ed sv\u011btov\u00fd \u010das roku 2006 v\u00a0t\u00e9to disciplin\u011b (8:17,76).<\/p><p>Kvalitn\u011b obsazen\u00e1 byla v\u00fd\u0161ka \u017een, v\u00a0n\u00ed\u017e startovaly \u010dty\u0159i z\u00a0p\u011bti nejlep\u0161\u00edch \u017een olympi\u00e1dy v\u00a0At\u00e9n\u00e1ch. Zv\u00edt\u011bzila zlat\u00e1 medailistka z\u00a0olympijsk\u00fdch her v\u00a0At\u00e9n\u00e1ch Jelena Slesarenko. V\u00a0hodu kladivem mu\u017e\u016f se div\u00e1k\u016fm p\u0159edstavil olympijsk\u00fd v\u00edt\u011bz z\u00a0At\u00e9n Koji Murofushi, kter\u00fd rovn\u011b\u017e zv\u00edt\u011bzil hodnotn\u00fdm v\u00fdkonem.<\/p><p>Pr\u016fb\u011bh z\u00e1vod\u016f byl zprost\u0159edkov\u00e1n div\u00e1k\u016fm v\u00a0p\u0159\u00edm\u00e9m p\u0159enosu nejen \u010ceskou televiz\u00ed, ale i\u00a0mezin\u00e1rodn\u00ed stanic\u00ed Eurosport. Prost\u0159ednictv\u00edm Eurosportu vid\u011blo Memori\u00e1l Josefa Odlo\u017eila p\u0159es 2,4 milion\u016f div\u00e1k\u016f ve\u00a0v\u00edce ne\u017e 40 zem\u00edch sv\u011bta.<\/p><h2 class=\"wp-block-heading\">2005<\/h2><p>Nad Memori\u00e1lem Josefa Odlo\u017eila i\u00a0tento rok p\u0159ezvali z\u00e1\u0161titu a\u00a0osobn\u011b se ho z\u00fa\u010dastnili prezident \u010cesk\u00e9 republiky V\u00e1clav Klaus a\u00a0prim\u00e1tor hlavn\u00edho m\u011bsta Prahy Pavel B\u00e9m.<\/p><p>Na\u00a0Memori\u00e1lu Josefa Odlo\u017eila op\u011bt startovala elitn\u00ed \u0161pi\u010dka sv\u011btov\u00e9 atletiky.<\/p><p>V\u00a0pr\u016fb\u011bhu m\u00edtinku byl vytvo\u0159en nejlep\u0161\u00ed v\u00fdkon v\u00a0hodu diskem \u017een na\u00a0sv\u011bt\u011b v\u00a0leto\u0161n\u00edm roce. Zaslou\u017eila se o\u00a0n\u011bj \u010desk\u00e1 diska\u0159ka V\u011bra Cechlov\u00e1 \u2013 Posp\u00ed\u0161ilov\u00e1 hodem 66,81\u2005m.<\/p><p>D\u00e1le padl druh\u00fd nejlep\u0161\u00ed v\u00fdkon na\u00a0sv\u011bt\u011b roku 2005 a\u00a0z\u00e1rove\u0148 sedm\u00fd nejlep\u0161\u00ed v\u0161ech dob v\u00a0b\u011bhu na\u00a03000\u2005m p\u0159ek\u00e1\u017eek, kter\u00fd vytvo\u0159ila Docus Inzikuru z\u00a0Ugandy skv\u011bl\u00fdm \u010dasem 9:20.33.<\/p><p>O\u00a0nejrychlej\u0161\u00ed v\u00fdkon v\u0161ech dob zab\u011bhnut\u00fd v\u00a0Praze v\u00a0b\u011bhu na\u00a010\u00a0000\u2005m se postaral st\u0159\u00edbrn\u00fd olympijsk\u00fd v\u00edt\u011bz z\u00a0Ath\u00e9n Sileshi Sihine. Byly p\u0159ekon\u00e1ny t\u0159i dosavadn\u00ed rekordy Memori\u00e1lu Josefa Odlo\u017eila.<\/p><p>Na\u00a0stadionu Juliska m\u00edtink shl\u00e9dlo 13\u00a0000 div\u00e1k\u016f, z\u00e1vody byly vys\u00edl\u00e1ny v\u00a0p\u0159\u00edm\u00e9m p\u0159enosu \u010deskou televiz\u00ed, stanic\u00ed Eurosport a\u00a0dal\u0161\u00edmi televizn\u00edmi stanicemi do\u00a0v\u00edce ne\u017e 60 zem\u00ed sv\u011bta.<\/p><h2 class=\"wp-block-heading\">2004<\/h2><p>Nad Memori\u00e1lem Josefa Odlo\u017eila 2004 p\u0159evzal z\u00e1\u0161titu prezident \u010cesk\u00e9 republiky Prof.\u00a0V\u00e1clav Klaus.<\/p><p>Hlavn\u00ed m\u011bsto Praha se stalo partnerem a\u00a0spolupo\u0159adatelem m\u00edtinku.<\/p><p>Na\u00a0m\u00edtinku startovali \u010dty\u0159i olympij\u0161t\u00ed medailist\u00e9 z\u00a0At\u00e9n.<\/p><ol><li>m\u00edsto v\u00a0hodu kladivem obh\u00e1jil v\u00edt\u011bz Memori\u00e1lu Josefa Odlo\u017eila 2003 v\u00a0t\u00e9to disciplin\u011b nejlep\u0161\u00ed kladiv\u00e1\u0159 sv\u011bta, dr\u017eitel zlat\u00e9 olympijsk\u00e9 medaile z\u00a0At\u00e9n Japonec Koji Murofushi. Koji Murofushi byl jmenov\u00e1n ambasadorem a\u00a0hlavn\u00ed postavou pro MS v\u00a0atletice, kter\u00e9 se m\u00e1 konat v\u00a0roce 2007 v\u00a0Japonsku. T\u00fdm organiz\u00e1tor\u016f Memori\u00e1lu Josefa Odlo\u017eila mu na\u00a0jeho \u017e\u00e1dost zabezpe\u010doval i\u00a0p\u0159edolympijsk\u00fd tr\u00e9ninkov\u00fd camp v\u00a0Praze. Spolu s\u00a0Kojim Murofushim se campu \u00fa\u010dastnila i\u00a0jeho sestra Yuka Murofushi.<\/li><\/ol><p>Skv\u011ble byla obsazena v\u00fd\u0161ka \u017een, kde sout\u011b\u017eily hned dv\u011b olympijsk\u00e9 medailistky z\u00a0At\u00e9n 2004. Olympijsk\u00e1 v\u00edt\u011bzka Jelena Slesarenko zdolala ve\u00a0skoku vysok\u00e9m la\u0165ku 201\u2005cm a\u00a0p\u0159ekonala tak dosavadn\u00ed rekord m\u00edtinku. Druh\u00e9 m\u00edsto obsadila v\u00fdkonem 197\u2005cm dr\u017eitelka bronzov\u00e9 medaile z\u00a0olympijsk\u00fdch her 2004 Viktoria Styopina.<\/p><p>Krom\u011b Jeleny Slesarenko p\u0159isp\u011bly sv\u00fdmi skv\u011bl\u00fdmi v\u00fdkony k\u00a0vytvo\u0159en\u00ed t\u0159\u00ed nov\u00fdch rekord\u016f m\u00edtinku dal\u0161\u00ed z\u00e1vodnice. V\u00a0hodu diskem to byla V\u011bra Posp\u00ed\u0161ilov\u00e1 v\u00fdkonem sv\u011btov\u00e9 \u00farovn\u011b 65,24\u2005cm. V\u00a0b\u011bhu \u017een na\u00a05000 metr\u016f p\u0159ekonaly star\u00fd rekord m\u00edtinku hned t\u0159i b\u011b\u017ekyn\u011b \u2013 nejlep\u0161\u00ed z\u00a0nich Bouchra Chaabi o\u00a0v\u00edce ne\u017e 16 vte\u0159in \u010dasem 15:21,32. V\u00a0b\u011bhu na\u00a0100\u2005m \u017een p\u0159ekonala rekord m\u00edtinku ghansk\u00e1 sprinterka Vida Anim \u010dasem 11,34 vt.<\/p><p>Mezi vrchol z\u00e1vod\u016f pat\u0159il skok o\u00a0ty\u010di mu\u017e\u016f, kde prvn\u00ed dva borci zdolali la\u0165ku na\u00a0v\u00fd\u0161ce 575\u2005cm.<\/p><h2 class=\"wp-block-heading\">2003<\/h2><p>Ud\u011blen\u00ed statutu IAAF Grand Prix II.<\/p><p>Z\u00e1\u0161titu p\u0159evzal prezident \u010cesk\u00e9 republiky Prof.\u00a0V\u00e1clav Klaus.<\/p><p>V\u00a0exhibi\u010dn\u00edm trojboji se div\u00e1k\u016fm p\u0159edstavili nejlep\u0161\u00ed desetiboja\u0159i sv\u011bta \u2013 olympijsk\u00fd v\u00edt\u011bz Erki Nool, sv\u011btov\u00fd rekordman Roman \u0160ebrle, trojn\u00e1sobn\u00fd mistr sv\u011bta Tom\u00e1\u0161 Dvo\u0159\u00e1k a\u00a0J\u00f3n Arnar Magnusson.<\/p><p>Na\u00a0m\u00edtinku byl vytvo\u0159en t\u0159et\u00ed nejlep\u0161\u00ed v\u00fdkon v\u0161ech dob v\u00a0hodu kladivem mu\u017e\u016f, kter\u00fd se z\u00e1rove\u0148 stal nov\u00fdm asijsk\u00fdm a\u00a0japonsk\u00fdm rekordem.<\/p><p>Bylo p\u0159ekon\u00e1no i\u00a0n\u011bkolik n\u00e1rodn\u00edch rekord\u016f a\u00a0\u010desk\u00fd rekord v\u00a0hodu kladivem \u017een.<\/p><p>V\u00a0pr\u016fb\u011bhu z\u00e1vod\u016f bylo d\u00e1le vytvo\u0159eno dev\u011bt nov\u00fdch rekord\u016f m\u00edtinku. V\u00a0hlavn\u00edm z\u00e1vod\u011b \u2013 b\u011bhu na\u00a01500 metr\u016f porazil Ke\u0148an Paul Korir olympijsk\u00e9ho v\u00edt\u011bze ze Sydney Noaha Ngenyho a\u00a0p\u0159ekonal z\u00e1rove\u0148 jeho rekord m\u00edtinku v\u00a0t\u00e9to disciplin\u011b. Dal\u0161\u00ed z\u00a0rekord\u016f vytvo\u0159il Ameri\u010dan John Drummond v\u00a0b\u011bhu na\u00a0100\u2005m. Jeho \u010das 10,10 sec pat\u0159il mezi nejlep\u0161\u00ed v\u00fdkony sv\u011bta v\u00a0roce 2003.<\/p><h2 class=\"wp-block-heading\">2002<\/h2><p>Na\u00a0m\u00edtinku byly vytvo\u0159eny dva nov\u00e9 \u010desk\u00e9 rekordy ve\u00a0skoku o\u00a0ty\u010di mu\u017e\u016f, sv\u011btov\u00fd v\u00fdkon roku v\u00a0trojskoku \u017een a\u00a0rekord m\u00edtinku v\u00a0hlavn\u00edm b\u011bhu na\u00a01500\u2005m a\u00a0dal\u0161\u00edch deseti discipl\u00edn\u00e1ch.<\/p><p>O\u00a0nov\u00e9 \u010desk\u00e9 rekordy ve\u00a0skoku o\u00a0ty\u010di mu\u017e\u016f se sv\u00fdmi v\u00fdkony zaslou\u017eili \u0160t\u011bp\u00e1n Jan\u00e1\u010dek a\u00a0Adam Pt\u00e1\u010dek.<\/p><p>Nejlep\u0161\u00ed sv\u011btov\u00fd v\u00fdkon sezony v\u00a0trojskoku \u017een p\u0159edvedla Yelena Olejnikovov\u00e1 (14,83\u2005m).<\/p><p>Dal\u0161\u00ed rekord m\u00edtinku padl ve\u00a0skv\u011ble obsazen\u00e9m b\u011bhu mu\u017e\u016f na\u00a0110\u2005m p\u0159ek\u00e1\u017eek, kde triumfoval dr\u017eitel zlat\u00e9 olympijsk\u00e9 medaile ze Sydney Anier Garcia (13,24 vt). O\u00a0zlep\u0161en\u00ed rekord\u016f memori\u00e1lu se postarali t\u00e9\u017e Francis Obikwelu (10,17\u2005m) v\u00a0b\u011bhu na\u00a0100 metr\u016f a\u00a0ukrajinsk\u00fd kladiv\u00e1\u0159 Andrey \u0160kvaruk (81,26\u2005m).<\/p><p>B\u011bh na\u00a01500\u2005m vyhr\u00e1l olympijsk\u00fd v\u00edt\u011bz Noah Ngeny v\u00a0nov\u00e9m rekordu m\u00edtinku (3:35,21).<\/p><p>Skv\u011bl\u00fd v\u00fdkon p\u0159edvedl \u0161pan\u011blsk\u00fd koula\u0159 Manuel Martinez. V\u00fdkonem 21,26\u2005m p\u0159ekonal rekord m\u00edtinku<\/p><\/div><\/div>\t\t\t\t\t\t<\/div>\n\t\t\t\t<\/div>\n\t\t\t\t\t<\/div>\n\t\t<\/div>\n\t\t\t\t\t\t\t<\/div>\n\t\t<\/section>\n\t\t\t\t\t\t\t<\/div>\n\t\t","protected":false},"excerpt":{"rendered":"<p>historie Z HISTORIE MEMORI\u00c1LU JOSEFA ODLO\u017dILA historie z\u00e1vodu v\u00fdsledky ro\u010dn\u00edku 2025 2018 Memori\u00e1l Josefa Odlo\u017eila 2018 nab\u00eddl atletick\u00e9 v\u00fdkony sv\u011btov\u00e9 \u00farovn\u011b \u00a0Bylo p\u0159ekon\u00e1no n\u011bkolik n\u00e1rodn\u00edch rekord\u016f a rekord\u016f m\u00edtinku. \u00a0V\u00a0\u0159ad\u011b discipl\u00edn padlo i mnoho osobn\u00edch rekord\u016f a nejlep\u0161\u00edch v\u00fdkon\u016f sezony. V\u00edt\u011bzem z\u00e1vodu na 100 m mu\u017e\u016f se stal Ameri\u010dan Mike Rodgers. kter\u00fd Zab\u011bhl \u010das 9.92. [&hellip;]<\/p>\n","protected":false},"author":5,"featured_media":0,"parent":0,"menu_order":0,"comment_status":"closed","ping_status":"closed","template":"elementor_header_footer","meta":{"footnotes":""},"class_list":["post-1342","page","type-page","status-publish","hentry"],"yoast_head":"\n<title>Historie 1 &mdash; Memori\u00e1l Josefa Odlo\u017eila<\/title>\n<meta name=\"description\" content=\"Atletick\u00fd meeting na po\u010dest Josefa Odlo\u017eila, olympijsk\u00e9ho medailisty a sv\u011btov\u00e9ho rekordmana.\" \/>\n<meta name=\"robots\" content=\"index, follow, max-snippet:-1, max-image-preview:large, max-video-preview:-1\" \/>\n<link rel=\"canonical\" href=\"https:\/\/www.memorial-odlozil.cz\/?page_id=1342\" \/>\n<meta property=\"og:locale\" content=\"cs_CZ\" \/>\n<meta property=\"og:type\" content=\"article\" \/>\n<meta property=\"og:title\" content=\"Historie 1 &mdash; Memori\u00e1l Josefa Odlo\u017eila\" \/>\n<meta property=\"og:description\" content=\"Atletick\u00fd meeting na po\u010dest Josefa Odlo\u017eila, olympijsk\u00e9ho medailisty a sv\u011btov\u00e9ho rekordmana.\" \/>\n<meta property=\"og:url\" content=\"https:\/\/www.memorial-odlozil.cz\/?page_id=1342\" \/>\n<meta property=\"og:site_name\" content=\"Memori\u00e1l Josefa Odlo\u017eila\" \/>\n<meta property=\"article:modified_time\" content=\"2025-06-05T07:43:04+00:00\" \/>\n<meta name=\"twitter:card\" content=\"summary_large_image\" \/>\n<script type=\"application\/ld+json\" class=\"yoast-schema-graph\">{\"@context\":\"https:\/\/schema.org\",\"@graph\":[{\"@type\":\"WebPage\",\"@id\":\"https:\/\/www.memorial-odlozil.cz\/?page_id=1342\",\"url\":\"https:\/\/www.memorial-odlozil.cz\/?page_id=1342\",\"name\":\"Historie 1 &mdash; Memori\u00e1l Josefa Odlo\u017eila\",\"isPartOf\":{\"@id\":\"https:\/\/www.memorial-odlozil.cz\/#website\"},\"datePublished\":\"2023-05-11T09:35:16+00:00\",\"dateModified\":\"2025-06-05T07:43:04+00:00\",\"description\":\"Atletick\u00fd meeting na po\u010dest Josefa Odlo\u017eila, olympijsk\u00e9ho medailisty a sv\u011btov\u00e9ho rekordmana.\",\"breadcrumb\":{\"@id\":\"https:\/\/www.memorial-odlozil.cz\/?page_id=1342#breadcrumb\"},\"inLanguage\":\"cs\",\"potentialAction\":[{\"@type\":\"ReadAction\",\"target\":[\"https:\/\/www.memorial-odlozil.cz\/?page_id=1342\"]}]},{\"@type\":\"BreadcrumbList\",\"@id\":\"https:\/\/www.memorial-odlozil.cz\/?page_id=1342#breadcrumb\",\"itemListElement\":[{\"@type\":\"ListItem\",\"position\":1,\"name\":\"Dom\u016f\",\"item\":\"https:\/\/www.memorial-odlozil.cz\/\"},{\"@type\":\"ListItem\",\"position\":2,\"name\":\"Historie 1\"}]},{\"@type\":\"WebSite\",\"@id\":\"https:\/\/www.memorial-odlozil.cz\/#website\",\"url\":\"https:\/\/www.memorial-odlozil.cz\/\",\"name\":\"Memori\u00e1l Josefa Odlo\u017eila\",\"description\":\"Obsah meta description\",\"publisher\":{\"@id\":\"https:\/\/www.memorial-odlozil.cz\/#organization\"},\"potentialAction\":[{\"@type\":\"SearchAction\",\"target\":{\"@type\":\"EntryPoint\",\"urlTemplate\":\"https:\/\/www.memorial-odlozil.cz\/?s={search_term_string}\"},\"query-input\":\"required name=search_term_string\"}],\"inLanguage\":\"cs\"},{\"@type\":\"Organization\",\"@id\":\"https:\/\/www.memorial-odlozil.cz\/#organization\",\"name\":\"Memori\u00e1l Josefa Odlo\u017eila\",\"url\":\"https:\/\/www.memorial-odlozil.cz\/\",\"logo\":{\"@type\":\"ImageObject\",\"inLanguage\":\"cs\",\"@id\":\"https:\/\/www.memorial-odlozil.cz\/#\/schema\/logo\/image\/\",\"url\":\"https:\/\/www.memorial-odlozil.cz\/app\/uploads\/cropped-02077226-1.jpeg\",\"contentUrl\":\"https:\/\/www.memorial-odlozil.cz\/app\/uploads\/cropped-02077226-1.jpeg\",\"width\":246,\"height\":178,\"caption\":\"Memori\u00e1l Josefa Odlo\u017eila\"},\"image\":{\"@id\":\"https:\/\/www.memorial-odlozil.cz\/#\/schema\/logo\/image\/\"}}]}<\/script>\n","yoast_head_json":{"title":"Historie 1 &mdash; Memori\u00e1l Josefa Odlo\u017eila","description":"Atletick\u00fd meeting na po\u010dest Josefa Odlo\u017eila, olympijsk\u00e9ho medailisty a sv\u011btov\u00e9ho rekordmana.","robots":{"index":"index","follow":"follow","max-snippet":"max-snippet:-1","max-image-preview":"max-image-preview:large","max-video-preview":"max-video-preview:-1"},"canonical":"https:\/\/www.memorial-odlozil.cz\/?page_id=1342","og_locale":"cs_CZ","og_type":"article","og_title":"Historie 1 &mdash; Memori\u00e1l Josefa Odlo\u017eila","og_description":"Atletick\u00fd meeting na po\u010dest Josefa Odlo\u017eila, olympijsk\u00e9ho medailisty a sv\u011btov\u00e9ho rekordmana.","og_url":"https:\/\/www.memorial-odlozil.cz\/?page_id=1342","og_site_name":"Memori\u00e1l Josefa Odlo\u017eila","article_modified_time":"2025-06-05T07:43:04+00:00","twitter_card":"summary_large_image","schema":{"@context":"https:\/\/schema.org","@graph":[{"@type":"WebPage","@id":"https:\/\/www.memorial-odlozil.cz\/?page_id=1342","url":"https:\/\/www.memorial-odlozil.cz\/?page_id=1342","name":"Historie 1 &mdash; Memori\u00e1l Josefa Odlo\u017eila","isPartOf":{"@id":"https:\/\/www.memorial-odlozil.cz\/#website"},"datePublished":"2023-05-11T09:35:16+00:00","dateModified":"2025-06-05T07:43:04+00:00","description":"Atletick\u00fd meeting na po\u010dest Josefa Odlo\u017eila, olympijsk\u00e9ho medailisty a sv\u011btov\u00e9ho rekordmana.","breadcrumb":{"@id":"https:\/\/www.memorial-odlozil.cz\/?page_id=1342#breadcrumb"},"inLanguage":"cs","potentialAction":[{"@type":"ReadAction","target":["https:\/\/www.memorial-odlozil.cz\/?page_id=1342"]}]},{"@type":"BreadcrumbList","@id":"https:\/\/www.memorial-odlozil.cz\/?page_id=1342#breadcrumb","itemListElement":[{"@type":"ListItem","position":1,"name":"Dom\u016f","item":"https:\/\/www.memorial-odlozil.cz\/"},{"@type":"ListItem","position":2,"name":"Historie 1"}]},{"@type":"WebSite","@id":"https:\/\/www.memorial-odlozil.cz\/#website","url":"https:\/\/www.memorial-odlozil.cz\/","name":"Memori\u00e1l Josefa Odlo\u017eila","description":"Obsah meta description","publisher":{"@id":"https:\/\/www.memorial-odlozil.cz\/#organization"},"potentialAction":[{"@type":"SearchAction","target":{"@type":"EntryPoint","urlTemplate":"https:\/\/www.memorial-odlozil.cz\/?s={search_term_string}"},"query-input":"required name=search_term_string"}],"inLanguage":"cs"},{"@type":"Organization","@id":"https:\/\/www.memorial-odlozil.cz\/#organization","name":"Memori\u00e1l Josefa Odlo\u017eila","url":"https:\/\/www.memorial-odlozil.cz\/","logo":{"@type":"ImageObject","inLanguage":"cs","@id":"https:\/\/www.memorial-odlozil.cz\/#\/schema\/logo\/image\/","url":"https:\/\/www.memorial-odlozil.cz\/app\/uploads\/cropped-02077226-1.jpeg","contentUrl":"https:\/\/www.memorial-odlozil.cz\/app\/uploads\/cropped-02077226-1.jpeg","width":246,"height":178,"caption":"Memori\u00e1l Josefa Odlo\u017eila"},"image":{"@id":"https:\/\/www.memorial-odlozil.cz\/#\/schema\/logo\/image\/"}}]}},"_links":{"self":[{"href":"https:\/\/www.memorial-odlozil.cz\/index.php?rest_route=\/wp\/v2\/pages\/1342","targetHints":{"allow":["GET"]}}],"collection":[{"href":"https:\/\/www.memorial-odlozil.cz\/index.php?rest_route=\/wp\/v2\/pages"}],"about":[{"href":"https:\/\/www.memorial-odlozil.cz\/index.php?rest_route=\/wp\/v2\/types\/page"}],"author":[{"embeddable":true,"href":"https:\/\/www.memorial-odlozil.cz\/index.php?rest_route=\/wp\/v2\/users\/5"}],"replies":[{"embeddable":true,"href":"https:\/\/www.memorial-odlozil.cz\/index.php?rest_route=%2Fwp%2Fv2%2Fcomments&post=1342"}],"version-history":[{"count":16,"href":"https:\/\/www.memorial-odlozil.cz\/index.php?rest_route=\/wp\/v2\/pages\/1342\/revisions"}],"predecessor-version":[{"id":2734,"href":"https:\/\/www.memorial-odlozil.cz\/index.php?rest_route=\/wp\/v2\/pages\/1342\/revisions\/2734"}],"wp:attachment":[{"href":"https:\/\/www.memorial-odlozil.cz\/index.php?rest_route=%2Fwp%2Fv2%2Fmedia&parent=1342"}],"curies":[{"name":"wp","href":"https:\/\/api.w.org\/{rel}","templated":true}]}}