{"id":1410,"date":"2023-05-11T12:04:21","date_gmt":"2023-05-11T10:04:21","guid":{"rendered":"https:\/\/www.memorial-odlozil.cz\/?page_id=1410"},"modified":"2023-08-02T12:19:01","modified_gmt":"2023-08-02T10:19:01","slug":"media-1","status":"publish","type":"page","link":"https:\/\/www.memorial-odlozil.cz\/?page_id=1410","title":{"rendered":"M\u00e9dia 1"},"content":{"rendered":"\t\t<div data-elementor-type=\"wp-page\" data-elementor-id=\"1410\" class=\"elementor elementor-1410\">\n\t\t\t\t\t\t\t\t\t<section class=\"elementor-section elementor-top-section elementor-element elementor-element-e5d6bdd elementor-section-height-min-height elementor-section-content-bottom elementor-section-boxed elementor-section-height-default elementor-section-items-middle\" data-id=\"e5d6bdd\" data-element_type=\"section\" data-settings=\"{&quot;background_background&quot;:&quot;classic&quot;}\">\n\t\t\t\t\t\t\t<div class=\"elementor-background-overlay\"><\/div>\n\t\t\t\t\t\t\t<div class=\"elementor-container elementor-column-gap-default\">\n\t\t\t\t\t<div class=\"elementor-column elementor-col-100 elementor-top-column elementor-element elementor-element-49a7b260\" data-id=\"49a7b260\" data-element_type=\"column\">\n\t\t\t<div class=\"elementor-widget-wrap elementor-element-populated\">\n\t\t\t\t\t\t\t\t<div class=\"elementor-element elementor-element-5097e9a elementor-widget elementor-widget-spacer\" data-id=\"5097e9a\" data-element_type=\"widget\" data-widget_type=\"spacer.default\">\n\t\t\t\t<div class=\"elementor-widget-container\">\n\t\t\t<style>\/*! elementor - v3.6.5 - 27-04-2022 *\/\n.e-container.e-container--row .elementor-spacer-inner{width:var(--spacer-size)}.e-container.e-container--column .elementor-spacer-inner,.elementor-column .elementor-spacer-inner{height:var(--spacer-size)}<\/style>\t\t<div class=\"elementor-spacer\">\n\t\t\t<div class=\"elementor-spacer-inner\"><\/div>\n\t\t<\/div>\n\t\t\t\t<\/div>\n\t\t\t\t<\/div>\n\t\t\t\t<div class=\"elementor-element elementor-element-6dbce6bb elementor-widget elementor-widget-heading\" data-id=\"6dbce6bb\" data-element_type=\"widget\" data-widget_type=\"heading.default\">\n\t\t\t\t<div class=\"elementor-widget-container\">\n\t\t\t<style>\/*! elementor - v3.6.5 - 27-04-2022 *\/\n.elementor-heading-title{padding:0;margin:0;line-height:1}.elementor-widget-heading .elementor-heading-title[class*=elementor-size-]>a{color:inherit;font-size:inherit;line-height:inherit}.elementor-widget-heading .elementor-heading-title.elementor-size-small{font-size:15px}.elementor-widget-heading .elementor-heading-title.elementor-size-medium{font-size:19px}.elementor-widget-heading .elementor-heading-title.elementor-size-large{font-size:29px}.elementor-widget-heading .elementor-heading-title.elementor-size-xl{font-size:39px}.elementor-widget-heading .elementor-heading-title.elementor-size-xxl{font-size:59px}<\/style><h1 class=\"elementor-heading-title elementor-size-default\">m\u00e9dia<\/h1>\t\t<\/div>\n\t\t\t\t<\/div>\n\t\t\t\t<div class=\"elementor-element elementor-element-4ca18e82 elementor-widget elementor-widget-text-editor\" data-id=\"4ca18e82\" data-element_type=\"widget\" data-widget_type=\"text-editor.default\">\n\t\t\t\t<div class=\"elementor-widget-container\">\n\t\t\t<style>\/*! elementor - v3.6.5 - 27-04-2022 *\/\n.elementor-widget-text-editor.elementor-drop-cap-view-stacked .elementor-drop-cap{background-color:#818a91;color:#fff}.elementor-widget-text-editor.elementor-drop-cap-view-framed .elementor-drop-cap{color:#818a91;border:3px solid;background-color:transparent}.elementor-widget-text-editor:not(.elementor-drop-cap-view-default) .elementor-drop-cap{margin-top:8px}.elementor-widget-text-editor:not(.elementor-drop-cap-view-default) .elementor-drop-cap-letter{width:1em;height:1em}.elementor-widget-text-editor .elementor-drop-cap{float:left;text-align:center;line-height:1;font-size:50px}.elementor-widget-text-editor .elementor-drop-cap-letter{display:inline-block}<\/style>\t\t\t\t<p>M\u00c9DIA MEMORI\u00c1LU JOSEFA ODLO\u017dILA<\/p>\t\t\t\t\t\t<\/div>\n\t\t\t\t<\/div>\n\t\t\t\t<div class=\"elementor-element elementor-element-3f7779c2 elementor-mobile-align-left elementor-widget elementor-widget-button\" data-id=\"3f7779c2\" data-element_type=\"widget\" data-widget_type=\"button.default\">\n\t\t\t\t<div class=\"elementor-widget-container\">\n\t\t\t\t\t<div class=\"elementor-button-wrapper\">\n\t\t\t<a href=\"#h\" class=\"elementor-button-link elementor-button elementor-size-md\" role=\"button\">\n\t\t\t\t\t\t<span class=\"elementor-button-content-wrapper\">\n\t\t\t\t\t\t\t<span class=\"elementor-button-icon elementor-align-icon-left\">\n\t\t\t\t<i aria-hidden=\"true\" class=\"far fa-arrow-alt-circle-down\"><\/i>\t\t\t<\/span>\n\t\t\t\t\t\t<span class=\"elementor-button-text\">PRO M\u00c9DIA<\/span>\n\t\t<\/span>\n\t\t\t\t\t<\/a>\n\t\t<\/div>\n\t\t\t\t<\/div>\n\t\t\t\t<\/div>\n\t\t\t\t\t<\/div>\n\t\t<\/div>\n\t\t\t\t\t\t\t<\/div>\n\t\t<\/section>\n\t\t\t\t<section class=\"elementor-section elementor-top-section elementor-element elementor-element-232db91 elementor-section-boxed elementor-section-height-default elementor-section-height-default\" data-id=\"232db91\" data-element_type=\"section\">\n\t\t\t\t\t\t<div class=\"elementor-container elementor-column-gap-default\">\n\t\t\t\t\t<div class=\"elementor-column elementor-col-100 elementor-top-column elementor-element elementor-element-340bf63\" data-id=\"340bf63\" data-element_type=\"column\">\n\t\t\t<div class=\"elementor-widget-wrap elementor-element-populated\">\n\t\t\t\t\t\t\t\t<div class=\"elementor-element elementor-element-d5212d8 elementor-widget elementor-widget-text-editor\" data-id=\"d5212d8\" data-element_type=\"widget\" data-widget_type=\"text-editor.default\">\n\t\t\t\t<div class=\"elementor-widget-container\">\n\t\t\t\t\t\t\t\t\t\t\t\t\t<\/div>\n\t\t\t\t<\/div>\n\t\t\t\t\t<\/div>\n\t\t<\/div>\n\t\t\t\t\t\t\t<\/div>\n\t\t<\/section>\n\t\t\t\t<section class=\"elementor-section elementor-top-section elementor-element elementor-element-9d3b44d elementor-section-boxed elementor-section-height-default elementor-section-height-default\" data-id=\"9d3b44d\" data-element_type=\"section\" id=\"h\">\n\t\t\t\t\t\t<div class=\"elementor-container elementor-column-gap-default\">\n\t\t\t\t\t<div class=\"elementor-column elementor-col-100 elementor-top-column elementor-element elementor-element-288aafee\" data-id=\"288aafee\" data-element_type=\"column\">\n\t\t\t<div class=\"elementor-widget-wrap elementor-element-populated\">\n\t\t\t\t\t\t\t\t<div class=\"elementor-element elementor-element-3413f396 elementor-widget elementor-widget-text-editor\" data-id=\"3413f396\" data-element_type=\"widget\" data-widget_type=\"text-editor.default\">\n\t\t\t\t<div class=\"elementor-widget-container\">\n\t\t\t\t\t\t\t<header class=\"post-header\"><h1 class=\"post-heading\">M\u00c9DIA<\/h1><\/header><div class=\"post-content\"><div class=\"wp-block-file\"><a id=\"wp-block-file--media-1c96e5d1-3749-407c-a8e9-c15af292dcd1\" href=\"https:\/\/www.memorial-odlozil.cz\/app\/uploads\/tiskova-zprava-262022-pdf.pdf\"><span style=\"text-decoration: underline;\">Tiskov\u00e1 zpr\u00e1va<\/span> 2.6.2022<\/a><a class=\"wp-block-file__button\" href=\"https:\/\/www.memorial-odlozil.cz\/app\/uploads\/tiskova-zprava-262022-pdf.pdf\" download=\"\" aria-describedby=\"wp-block-file--media-1c96e5d1-3749-407c-a8e9-c15af292dcd1\">St\u00e1hnout<\/a><\/div><div class=\"wp-block-file\"><a id=\"wp-block-file--media-3e6375d7-b9eb-4972-b75a-c5db5dc4da14\" href=\"https:\/\/www.memorial-odlozil.cz\/app\/uploads\/tiskova-zprava-2752022.pdf\"><span style=\"text-decoration: underline;\">Tiskov\u00e1 zpr\u00e1va<\/span> 27.5.2022<\/a><a class=\"wp-block-file__button\" href=\"https:\/\/www.memorial-odlozil.cz\/app\/uploads\/tiskova-zprava-2752022.pdf\" download=\"\" aria-describedby=\"wp-block-file--media-3e6375d7-b9eb-4972-b75a-c5db5dc4da14\">St\u00e1hnout<\/a><\/div><\/div>\t\t\t\t\t\t<\/div>\n\t\t\t\t<\/div>\n\t\t\t\t\t<\/div>\n\t\t<\/div>\n\t\t\t\t\t\t\t<\/div>\n\t\t<\/section>\n\t\t\t\t\t\t\t<\/div>\n\t\t","protected":false},"excerpt":{"rendered":"<p>m\u00e9dia M\u00c9DIA MEMORI\u00c1LU JOSEFA ODLO\u017dILA PRO M\u00c9DIA M\u00c9DIA Tiskov\u00e1 zpr\u00e1va 2.6.2022St\u00e1hnoutTiskov\u00e1 zpr\u00e1va 27.5.2022St\u00e1hnout<\/p>\n","protected":false},"author":5,"featured_media":0,"parent":0,"menu_order":0,"comment_status":"closed","ping_status":"closed","template":"elementor_header_footer","meta":{"footnotes":""},"class_list":["post-1410","page","type-page","status-publish","hentry"],"yoast_head":"\n<title>M\u00e9dia 1 &mdash; Memori\u00e1l Josefa Odlo\u017eila<\/title>\n<meta name=\"description\" content=\"Atletick\u00fd meeting na po\u010dest Josefa Odlo\u017eila, olympijsk\u00e9ho medailisty a sv\u011btov\u00e9ho rekordmana.\" \/>\n<meta name=\"robots\" content=\"index, follow, max-snippet:-1, max-image-preview:large, max-video-preview:-1\" \/>\n<link rel=\"canonical\" href=\"https:\/\/www.memorial-odlozil.cz\/?page_id=1410\" \/>\n<meta property=\"og:locale\" content=\"cs_CZ\" \/>\n<meta property=\"og:type\" content=\"article\" \/>\n<meta property=\"og:title\" content=\"M\u00e9dia 1 &mdash; Memori\u00e1l Josefa Odlo\u017eila\" \/>\n<meta property=\"og:description\" content=\"Atletick\u00fd meeting na po\u010dest Josefa Odlo\u017eila, olympijsk\u00e9ho medailisty a sv\u011btov\u00e9ho rekordmana.\" \/>\n<meta property=\"og:url\" content=\"https:\/\/www.memorial-odlozil.cz\/?page_id=1410\" \/>\n<meta property=\"og:site_name\" content=\"Memori\u00e1l Josefa Odlo\u017eila\" \/>\n<meta property=\"article:modified_time\" content=\"2023-08-02T10:19:01+00:00\" \/>\n<meta name=\"twitter:card\" content=\"summary_large_image\" \/>\n<script type=\"application\/ld+json\" class=\"yoast-schema-graph\">{\"@context\":\"https:\/\/schema.org\",\"@graph\":[{\"@type\":\"WebPage\",\"@id\":\"https:\/\/www.memorial-odlozil.cz\/?page_id=1410\",\"url\":\"https:\/\/www.memorial-odlozil.cz\/?page_id=1410\",\"name\":\"M\u00e9dia 1 &mdash; Memori\u00e1l Josefa Odlo\u017eila\",\"isPartOf\":{\"@id\":\"https:\/\/www.memorial-odlozil.cz\/#website\"},\"datePublished\":\"2023-05-11T10:04:21+00:00\",\"dateModified\":\"2023-08-02T10:19:01+00:00\",\"description\":\"Atletick\u00fd meeting na po\u010dest Josefa Odlo\u017eila, olympijsk\u00e9ho medailisty a sv\u011btov\u00e9ho rekordmana.\",\"breadcrumb\":{\"@id\":\"https:\/\/www.memorial-odlozil.cz\/?page_id=1410#breadcrumb\"},\"inLanguage\":\"cs\",\"potentialAction\":[{\"@type\":\"ReadAction\",\"target\":[\"https:\/\/www.memorial-odlozil.cz\/?page_id=1410\"]}]},{\"@type\":\"BreadcrumbList\",\"@id\":\"https:\/\/www.memorial-odlozil.cz\/?page_id=1410#breadcrumb\",\"itemListElement\":[{\"@type\":\"ListItem\",\"position\":1,\"name\":\"Dom\u016f\",\"item\":\"https:\/\/www.memorial-odlozil.cz\/\"},{\"@type\":\"ListItem\",\"position\":2,\"name\":\"M\u00e9dia 1\"}]},{\"@type\":\"WebSite\",\"@id\":\"https:\/\/www.memorial-odlozil.cz\/#website\",\"url\":\"https:\/\/www.memorial-odlozil.cz\/\",\"name\":\"Memori\u00e1l Josefa Odlo\u017eila\",\"description\":\"Obsah meta description\",\"publisher\":{\"@id\":\"https:\/\/www.memorial-odlozil.cz\/#organization\"},\"potentialAction\":[{\"@type\":\"SearchAction\",\"target\":{\"@type\":\"EntryPoint\",\"urlTemplate\":\"https:\/\/www.memorial-odlozil.cz\/?s={search_term_string}\"},\"query-input\":\"required name=search_term_string\"}],\"inLanguage\":\"cs\"},{\"@type\":\"Organization\",\"@id\":\"https:\/\/www.memorial-odlozil.cz\/#organization\",\"name\":\"Memori\u00e1l Josefa Odlo\u017eila\",\"url\":\"https:\/\/www.memorial-odlozil.cz\/\",\"logo\":{\"@type\":\"ImageObject\",\"inLanguage\":\"cs\",\"@id\":\"https:\/\/www.memorial-odlozil.cz\/#\/schema\/logo\/image\/\",\"url\":\"https:\/\/www.memorial-odlozil.cz\/app\/uploads\/cropped-02077226-1.jpeg\",\"contentUrl\":\"https:\/\/www.memorial-odlozil.cz\/app\/uploads\/cropped-02077226-1.jpeg\",\"width\":246,\"height\":178,\"caption\":\"Memori\u00e1l Josefa Odlo\u017eila\"},\"image\":{\"@id\":\"https:\/\/www.memorial-odlozil.cz\/#\/schema\/logo\/image\/\"}}]}<\/script>\n","yoast_head_json":{"title":"M\u00e9dia 1 &mdash; Memori\u00e1l Josefa Odlo\u017eila","description":"Atletick\u00fd meeting na po\u010dest Josefa Odlo\u017eila, olympijsk\u00e9ho medailisty a sv\u011btov\u00e9ho rekordmana.","robots":{"index":"index","follow":"follow","max-snippet":"max-snippet:-1","max-image-preview":"max-image-preview:large","max-video-preview":"max-video-preview:-1"},"canonical":"https:\/\/www.memorial-odlozil.cz\/?page_id=1410","og_locale":"cs_CZ","og_type":"article","og_title":"M\u00e9dia 1 &mdash; Memori\u00e1l Josefa Odlo\u017eila","og_description":"Atletick\u00fd meeting na po\u010dest Josefa Odlo\u017eila, olympijsk\u00e9ho medailisty a sv\u011btov\u00e9ho rekordmana.","og_url":"https:\/\/www.memorial-odlozil.cz\/?page_id=1410","og_site_name":"Memori\u00e1l Josefa Odlo\u017eila","article_modified_time":"2023-08-02T10:19:01+00:00","twitter_card":"summary_large_image","schema":{"@context":"https:\/\/schema.org","@graph":[{"@type":"WebPage","@id":"https:\/\/www.memorial-odlozil.cz\/?page_id=1410","url":"https:\/\/www.memorial-odlozil.cz\/?page_id=1410","name":"M\u00e9dia 1 &mdash; Memori\u00e1l Josefa Odlo\u017eila","isPartOf":{"@id":"https:\/\/www.memorial-odlozil.cz\/#website"},"datePublished":"2023-05-11T10:04:21+00:00","dateModified":"2023-08-02T10:19:01+00:00","description":"Atletick\u00fd meeting na po\u010dest Josefa Odlo\u017eila, olympijsk\u00e9ho medailisty a sv\u011btov\u00e9ho rekordmana.","breadcrumb":{"@id":"https:\/\/www.memorial-odlozil.cz\/?page_id=1410#breadcrumb"},"inLanguage":"cs","potentialAction":[{"@type":"ReadAction","target":["https:\/\/www.memorial-odlozil.cz\/?page_id=1410"]}]},{"@type":"BreadcrumbList","@id":"https:\/\/www.memorial-odlozil.cz\/?page_id=1410#breadcrumb","itemListElement":[{"@type":"ListItem","position":1,"name":"Dom\u016f","item":"https:\/\/www.memorial-odlozil.cz\/"},{"@type":"ListItem","position":2,"name":"M\u00e9dia 1"}]},{"@type":"WebSite","@id":"https:\/\/www.memorial-odlozil.cz\/#website","url":"https:\/\/www.memorial-odlozil.cz\/","name":"Memori\u00e1l Josefa Odlo\u017eila","description":"Obsah meta description","publisher":{"@id":"https:\/\/www.memorial-odlozil.cz\/#organization"},"potentialAction":[{"@type":"SearchAction","target":{"@type":"EntryPoint","urlTemplate":"https:\/\/www.memorial-odlozil.cz\/?s={search_term_string}"},"query-input":"required name=search_term_string"}],"inLanguage":"cs"},{"@type":"Organization","@id":"https:\/\/www.memorial-odlozil.cz\/#organization","name":"Memori\u00e1l Josefa Odlo\u017eila","url":"https:\/\/www.memorial-odlozil.cz\/","logo":{"@type":"ImageObject","inLanguage":"cs","@id":"https:\/\/www.memorial-odlozil.cz\/#\/schema\/logo\/image\/","url":"https:\/\/www.memorial-odlozil.cz\/app\/uploads\/cropped-02077226-1.jpeg","contentUrl":"https:\/\/www.memorial-odlozil.cz\/app\/uploads\/cropped-02077226-1.jpeg","width":246,"height":178,"caption":"Memori\u00e1l Josefa Odlo\u017eila"},"image":{"@id":"https:\/\/www.memorial-odlozil.cz\/#\/schema\/logo\/image\/"}}]}},"_links":{"self":[{"href":"https:\/\/www.memorial-odlozil.cz\/index.php?rest_route=\/wp\/v2\/pages\/1410","targetHints":{"allow":["GET"]}}],"collection":[{"href":"https:\/\/www.memorial-odlozil.cz\/index.php?rest_route=\/wp\/v2\/pages"}],"about":[{"href":"https:\/\/www.memorial-odlozil.cz\/index.php?rest_route=\/wp\/v2\/types\/page"}],"author":[{"embeddable":true,"href":"https:\/\/www.memorial-odlozil.cz\/index.php?rest_route=\/wp\/v2\/users\/5"}],"replies":[{"embeddable":true,"href":"https:\/\/www.memorial-odlozil.cz\/index.php?rest_route=%2Fwp%2Fv2%2Fcomments&post=1410"}],"version-history":[{"count":8,"href":"https:\/\/www.memorial-odlozil.cz\/index.php?rest_route=\/wp\/v2\/pages\/1410\/revisions"}],"predecessor-version":[{"id":2109,"href":"https:\/\/www.memorial-odlozil.cz\/index.php?rest_route=\/wp\/v2\/pages\/1410\/revisions\/2109"}],"wp:attachment":[{"href":"https:\/\/www.memorial-odlozil.cz\/index.php?rest_route=%2Fwp%2Fv2%2Fmedia&parent=1410"}],"curies":[{"name":"wp","href":"https:\/\/api.w.org\/{rel}","templated":true}]}}