{"id":1535,"date":"2023-05-11T13:33:52","date_gmt":"2023-05-11T11:33:52","guid":{"rendered":"https:\/\/www.memorial-odlozil.cz\/?page_id=1535"},"modified":"2024-02-16T11:14:30","modified_gmt":"2024-02-16T10:14:30","slug":"media-2-2","status":"publish","type":"page","link":"https:\/\/www.memorial-odlozil.cz\/?page_id=1535&lang=en","title":{"rendered":"M\u00e9dia 2"},"content":{"rendered":"\t\t<div data-elementor-type=\"wp-page\" data-elementor-id=\"1535\" class=\"elementor elementor-1535\">\n\t\t\t\t\t\t\t\t\t<section class=\"elementor-section elementor-top-section elementor-element elementor-element-6e0d0f2 elementor-section-height-min-height elementor-section-content-bottom elementor-section-boxed elementor-section-height-default elementor-section-items-middle\" data-id=\"6e0d0f2\" data-element_type=\"section\" data-settings=\"{&quot;background_background&quot;:&quot;classic&quot;}\">\n\t\t\t\t\t\t\t<div class=\"elementor-background-overlay\"><\/div>\n\t\t\t\t\t\t\t<div class=\"elementor-container elementor-column-gap-default\">\n\t\t\t\t\t<div class=\"elementor-column elementor-col-100 elementor-top-column elementor-element elementor-element-b0b2806\" data-id=\"b0b2806\" data-element_type=\"column\">\n\t\t\t<div class=\"elementor-widget-wrap elementor-element-populated\">\n\t\t\t\t\t\t\t\t<div class=\"elementor-element elementor-element-75c4915 elementor-widget elementor-widget-spacer\" data-id=\"75c4915\" data-element_type=\"widget\" data-widget_type=\"spacer.default\">\n\t\t\t\t<div class=\"elementor-widget-container\">\n\t\t\t<style>\/*! elementor - v3.6.5 - 27-04-2022 *\/\n.e-container.e-container--row .elementor-spacer-inner{width:var(--spacer-size)}.e-container.e-container--column .elementor-spacer-inner,.elementor-column .elementor-spacer-inner{height:var(--spacer-size)}<\/style>\t\t<div class=\"elementor-spacer\">\n\t\t\t<div class=\"elementor-spacer-inner\"><\/div>\n\t\t<\/div>\n\t\t\t\t<\/div>\n\t\t\t\t<\/div>\n\t\t\t\t<div class=\"elementor-element elementor-element-c8df4c1 elementor-widget elementor-widget-heading\" data-id=\"c8df4c1\" data-element_type=\"widget\" data-widget_type=\"heading.default\">\n\t\t\t\t<div class=\"elementor-widget-container\">\n\t\t\t<style>\/*! elementor - v3.6.5 - 27-04-2022 *\/\n.elementor-heading-title{padding:0;margin:0;line-height:1}.elementor-widget-heading .elementor-heading-title[class*=elementor-size-]>a{color:inherit;font-size:inherit;line-height:inherit}.elementor-widget-heading .elementor-heading-title.elementor-size-small{font-size:15px}.elementor-widget-heading .elementor-heading-title.elementor-size-medium{font-size:19px}.elementor-widget-heading .elementor-heading-title.elementor-size-large{font-size:29px}.elementor-widget-heading .elementor-heading-title.elementor-size-xl{font-size:39px}.elementor-widget-heading .elementor-heading-title.elementor-size-xxl{font-size:59px}<\/style><h1 class=\"elementor-heading-title elementor-size-default\">media<\/h1>\t\t<\/div>\n\t\t\t\t<\/div>\n\t\t\t\t<div class=\"elementor-element elementor-element-bbab180 elementor-widget elementor-widget-text-editor\" data-id=\"bbab180\" data-element_type=\"widget\" data-widget_type=\"text-editor.default\">\n\t\t\t\t<div class=\"elementor-widget-container\">\n\t\t\t<style>\/*! elementor - v3.6.5 - 27-04-2022 *\/\n.elementor-widget-text-editor.elementor-drop-cap-view-stacked .elementor-drop-cap{background-color:#818a91;color:#fff}.elementor-widget-text-editor.elementor-drop-cap-view-framed .elementor-drop-cap{color:#818a91;border:3px solid;background-color:transparent}.elementor-widget-text-editor:not(.elementor-drop-cap-view-default) .elementor-drop-cap{margin-top:8px}.elementor-widget-text-editor:not(.elementor-drop-cap-view-default) .elementor-drop-cap-letter{width:1em;height:1em}.elementor-widget-text-editor .elementor-drop-cap{float:left;text-align:center;line-height:1;font-size:50px}.elementor-widget-text-editor .elementor-drop-cap-letter{display:inline-block}<\/style>\t\t\t\t<p>MEDIA MEMORIAL JOSEF ODLO\u017dIL<\/p>\t\t\t\t\t\t<\/div>\n\t\t\t\t<\/div>\n\t\t\t\t<div class=\"elementor-element elementor-element-5579ca4 elementor-mobile-align-left elementor-widget elementor-widget-button\" data-id=\"5579ca4\" data-element_type=\"widget\" data-widget_type=\"button.default\">\n\t\t\t\t<div class=\"elementor-widget-container\">\n\t\t\t\t\t<div class=\"elementor-button-wrapper\">\n\t\t\t<a href=\"#h\" class=\"elementor-button-link elementor-button elementor-size-md\" role=\"button\">\n\t\t\t\t\t\t<span class=\"elementor-button-content-wrapper\">\n\t\t\t\t\t\t\t<span class=\"elementor-button-icon elementor-align-icon-left\">\n\t\t\t\t<i aria-hidden=\"true\" class=\"far fa-arrow-alt-circle-down\"><\/i>\t\t\t<\/span>\n\t\t\t\t\t\t<span class=\"elementor-button-text\">M\u00c9DIA<\/span>\n\t\t<\/span>\n\t\t\t\t\t<\/a>\n\t\t<\/div>\n\t\t\t\t<\/div>\n\t\t\t\t<\/div>\n\t\t\t\t\t<\/div>\n\t\t<\/div>\n\t\t\t\t\t\t\t<\/div>\n\t\t<\/section>\n\t\t\t\t<section class=\"elementor-section elementor-top-section elementor-element elementor-element-2355c54 elementor-section-boxed elementor-section-height-default elementor-section-height-default\" data-id=\"2355c54\" data-element_type=\"section\">\n\t\t\t\t\t\t<div class=\"elementor-container elementor-column-gap-default\">\n\t\t\t\t\t<div class=\"elementor-column elementor-col-100 elementor-top-column elementor-element elementor-element-33e1afe\" data-id=\"33e1afe\" data-element_type=\"column\">\n\t\t\t<div class=\"elementor-widget-wrap elementor-element-populated\">\n\t\t\t\t\t\t\t\t<div class=\"elementor-element elementor-element-03734a2 elementor-widget elementor-widget-text-editor\" data-id=\"03734a2\" data-element_type=\"widget\" data-widget_type=\"text-editor.default\">\n\t\t\t\t<div class=\"elementor-widget-container\">\n\t\t\t\t\t\t\t\t\t\t\t\t\t<\/div>\n\t\t\t\t<\/div>\n\t\t\t\t\t<\/div>\n\t\t<\/div>\n\t\t\t\t\t\t\t<\/div>\n\t\t<\/section>\n\t\t\t\t<section class=\"elementor-section elementor-top-section elementor-element elementor-element-17f643e elementor-section-boxed elementor-section-height-default elementor-section-height-default\" data-id=\"17f643e\" data-element_type=\"section\">\n\t\t\t\t\t\t<div class=\"elementor-container elementor-column-gap-default\">\n\t\t\t\t\t<div class=\"elementor-column elementor-col-100 elementor-top-column elementor-element elementor-element-0d1c254\" data-id=\"0d1c254\" data-element_type=\"column\">\n\t\t\t<div class=\"elementor-widget-wrap elementor-element-populated\">\n\t\t\t\t\t\t\t\t<div class=\"elementor-element elementor-element-d7b9159 elementor-widget elementor-widget-text-editor\" data-id=\"d7b9159\" data-element_type=\"widget\" data-widget_type=\"text-editor.default\">\n\t\t\t\t<div class=\"elementor-widget-container\">\n\t\t\t\t\t\t\t<header class=\"post-header\"><h1 class=\"post-heading\">MEDIA<\/h1><\/header><div class=\"post-content\"><div class=\"wp-block-file\"><a href=\"https:\/\/www.memorial-odlozil.cz\/?page_id=1535&amp;lang=en\"><u>Press Release 4. 6. 2020 ( DOC )<\/u><\/a><\/div><div class=\"wp-block-file\">\u00a0<\/div><\/div>\t\t\t\t\t\t<\/div>\n\t\t\t\t<\/div>\n\t\t\t\t\t<\/div>\n\t\t<\/div>\n\t\t\t\t\t\t\t<\/div>\n\t\t<\/section>\n\t\t\t\t\t\t\t<\/div>\n\t\t","protected":false},"excerpt":{"rendered":"<p>media MEDIA MEMORIAL JOSEF ODLO\u017dIL M\u00c9DIA MEDIA Press Release 4. 6. 2020 ( DOC )\u00a0<\/p>\n","protected":false},"author":5,"featured_media":0,"parent":0,"menu_order":0,"comment_status":"closed","ping_status":"closed","template":"elementor_header_footer","meta":{"footnotes":""},"class_list":["post-1535","page","type-page","status-publish","hentry"],"yoast_head":"\n<title>M\u00e9dia 2 &mdash; Memori\u00e1l Josefa Odlo\u017eila<\/title>\n<meta name=\"description\" content=\"Atletick\u00fd meeting na po\u010dest Josefa Odlo\u017eila, olympijsk\u00e9ho medailisty a sv\u011btov\u00e9ho rekordmana.\" \/>\n<meta name=\"robots\" content=\"index, follow, max-snippet:-1, max-image-preview:large, max-video-preview:-1\" \/>\n<link rel=\"canonical\" href=\"https:\/\/www.memorial-odlozil.cz\/?page_id=1535&lang=en\" \/>\n<meta property=\"og:locale\" content=\"cs_CZ\" \/>\n<meta property=\"og:type\" content=\"article\" \/>\n<meta property=\"og:title\" content=\"M\u00e9dia 2 &mdash; Memori\u00e1l Josefa Odlo\u017eila\" \/>\n<meta property=\"og:description\" content=\"Atletick\u00fd meeting na po\u010dest Josefa Odlo\u017eila, olympijsk\u00e9ho medailisty a sv\u011btov\u00e9ho rekordmana.\" \/>\n<meta property=\"og:url\" content=\"https:\/\/www.memorial-odlozil.cz\/?page_id=1535&amp;lang=en\" \/>\n<meta property=\"og:site_name\" content=\"Memori\u00e1l Josefa Odlo\u017eila\" \/>\n<meta property=\"article:modified_time\" content=\"2024-02-16T10:14:30+00:00\" \/>\n<meta name=\"twitter:card\" content=\"summary_large_image\" \/>\n<script type=\"application\/ld+json\" class=\"yoast-schema-graph\">{\"@context\":\"https:\/\/schema.org\",\"@graph\":[{\"@type\":\"WebPage\",\"@id\":\"https:\/\/www.memorial-odlozil.cz\/?page_id=1535&lang=en\",\"url\":\"https:\/\/www.memorial-odlozil.cz\/?page_id=1535&lang=en\",\"name\":\"M\u00e9dia 2 &mdash; Memori\u00e1l Josefa Odlo\u017eila\",\"isPartOf\":{\"@id\":\"https:\/\/www.memorial-odlozil.cz\/#website\"},\"datePublished\":\"2023-05-11T11:33:52+00:00\",\"dateModified\":\"2024-02-16T10:14:30+00:00\",\"description\":\"Atletick\u00fd meeting na po\u010dest Josefa Odlo\u017eila, olympijsk\u00e9ho medailisty a sv\u011btov\u00e9ho rekordmana.\",\"breadcrumb\":{\"@id\":\"https:\/\/www.memorial-odlozil.cz\/?page_id=1535&lang=en#breadcrumb\"},\"inLanguage\":\"cs\",\"potentialAction\":[{\"@type\":\"ReadAction\",\"target\":[\"https:\/\/www.memorial-odlozil.cz\/?page_id=1535&lang=en\"]}]},{\"@type\":\"BreadcrumbList\",\"@id\":\"https:\/\/www.memorial-odlozil.cz\/?page_id=1535&lang=en#breadcrumb\",\"itemListElement\":[{\"@type\":\"ListItem\",\"position\":1,\"name\":\"Dom\u016f\",\"item\":\"https:\/\/www.memorial-odlozil.cz\/\"},{\"@type\":\"ListItem\",\"position\":2,\"name\":\"M\u00e9dia 2\"}]},{\"@type\":\"WebSite\",\"@id\":\"https:\/\/www.memorial-odlozil.cz\/#website\",\"url\":\"https:\/\/www.memorial-odlozil.cz\/\",\"name\":\"Memori\u00e1l Josefa Odlo\u017eila\",\"description\":\"Obsah meta description\",\"publisher\":{\"@id\":\"https:\/\/www.memorial-odlozil.cz\/#organization\"},\"potentialAction\":[{\"@type\":\"SearchAction\",\"target\":{\"@type\":\"EntryPoint\",\"urlTemplate\":\"https:\/\/www.memorial-odlozil.cz\/?s={search_term_string}\"},\"query-input\":\"required name=search_term_string\"}],\"inLanguage\":\"cs\"},{\"@type\":\"Organization\",\"@id\":\"https:\/\/www.memorial-odlozil.cz\/#organization\",\"name\":\"Memori\u00e1l Josefa Odlo\u017eila\",\"url\":\"https:\/\/www.memorial-odlozil.cz\/\",\"logo\":{\"@type\":\"ImageObject\",\"inLanguage\":\"cs\",\"@id\":\"https:\/\/www.memorial-odlozil.cz\/#\/schema\/logo\/image\/\",\"url\":\"https:\/\/www.memorial-odlozil.cz\/app\/uploads\/cropped-02077226-1.jpeg\",\"contentUrl\":\"https:\/\/www.memorial-odlozil.cz\/app\/uploads\/cropped-02077226-1.jpeg\",\"width\":246,\"height\":178,\"caption\":\"Memori\u00e1l Josefa Odlo\u017eila\"},\"image\":{\"@id\":\"https:\/\/www.memorial-odlozil.cz\/#\/schema\/logo\/image\/\"}}]}<\/script>\n","yoast_head_json":{"title":"M\u00e9dia 2 &mdash; Memori\u00e1l Josefa Odlo\u017eila","description":"Atletick\u00fd meeting na po\u010dest Josefa Odlo\u017eila, olympijsk\u00e9ho medailisty a sv\u011btov\u00e9ho rekordmana.","robots":{"index":"index","follow":"follow","max-snippet":"max-snippet:-1","max-image-preview":"max-image-preview:large","max-video-preview":"max-video-preview:-1"},"canonical":"https:\/\/www.memorial-odlozil.cz\/?page_id=1535&lang=en","og_locale":"cs_CZ","og_type":"article","og_title":"M\u00e9dia 2 &mdash; Memori\u00e1l Josefa Odlo\u017eila","og_description":"Atletick\u00fd meeting na po\u010dest Josefa Odlo\u017eila, olympijsk\u00e9ho medailisty a sv\u011btov\u00e9ho rekordmana.","og_url":"https:\/\/www.memorial-odlozil.cz\/?page_id=1535&lang=en","og_site_name":"Memori\u00e1l Josefa Odlo\u017eila","article_modified_time":"2024-02-16T10:14:30+00:00","twitter_card":"summary_large_image","schema":{"@context":"https:\/\/schema.org","@graph":[{"@type":"WebPage","@id":"https:\/\/www.memorial-odlozil.cz\/?page_id=1535&lang=en","url":"https:\/\/www.memorial-odlozil.cz\/?page_id=1535&lang=en","name":"M\u00e9dia 2 &mdash; Memori\u00e1l Josefa Odlo\u017eila","isPartOf":{"@id":"https:\/\/www.memorial-odlozil.cz\/#website"},"datePublished":"2023-05-11T11:33:52+00:00","dateModified":"2024-02-16T10:14:30+00:00","description":"Atletick\u00fd meeting na po\u010dest Josefa Odlo\u017eila, olympijsk\u00e9ho medailisty a sv\u011btov\u00e9ho rekordmana.","breadcrumb":{"@id":"https:\/\/www.memorial-odlozil.cz\/?page_id=1535&lang=en#breadcrumb"},"inLanguage":"cs","potentialAction":[{"@type":"ReadAction","target":["https:\/\/www.memorial-odlozil.cz\/?page_id=1535&lang=en"]}]},{"@type":"BreadcrumbList","@id":"https:\/\/www.memorial-odlozil.cz\/?page_id=1535&lang=en#breadcrumb","itemListElement":[{"@type":"ListItem","position":1,"name":"Dom\u016f","item":"https:\/\/www.memorial-odlozil.cz\/"},{"@type":"ListItem","position":2,"name":"M\u00e9dia 2"}]},{"@type":"WebSite","@id":"https:\/\/www.memorial-odlozil.cz\/#website","url":"https:\/\/www.memorial-odlozil.cz\/","name":"Memori\u00e1l Josefa Odlo\u017eila","description":"Obsah meta description","publisher":{"@id":"https:\/\/www.memorial-odlozil.cz\/#organization"},"potentialAction":[{"@type":"SearchAction","target":{"@type":"EntryPoint","urlTemplate":"https:\/\/www.memorial-odlozil.cz\/?s={search_term_string}"},"query-input":"required name=search_term_string"}],"inLanguage":"cs"},{"@type":"Organization","@id":"https:\/\/www.memorial-odlozil.cz\/#organization","name":"Memori\u00e1l Josefa Odlo\u017eila","url":"https:\/\/www.memorial-odlozil.cz\/","logo":{"@type":"ImageObject","inLanguage":"cs","@id":"https:\/\/www.memorial-odlozil.cz\/#\/schema\/logo\/image\/","url":"https:\/\/www.memorial-odlozil.cz\/app\/uploads\/cropped-02077226-1.jpeg","contentUrl":"https:\/\/www.memorial-odlozil.cz\/app\/uploads\/cropped-02077226-1.jpeg","width":246,"height":178,"caption":"Memori\u00e1l Josefa Odlo\u017eila"},"image":{"@id":"https:\/\/www.memorial-odlozil.cz\/#\/schema\/logo\/image\/"}}]}},"_links":{"self":[{"href":"https:\/\/www.memorial-odlozil.cz\/index.php?rest_route=\/wp\/v2\/pages\/1535","targetHints":{"allow":["GET"]}}],"collection":[{"href":"https:\/\/www.memorial-odlozil.cz\/index.php?rest_route=\/wp\/v2\/pages"}],"about":[{"href":"https:\/\/www.memorial-odlozil.cz\/index.php?rest_route=\/wp\/v2\/types\/page"}],"author":[{"embeddable":true,"href":"https:\/\/www.memorial-odlozil.cz\/index.php?rest_route=\/wp\/v2\/users\/5"}],"replies":[{"embeddable":true,"href":"https:\/\/www.memorial-odlozil.cz\/index.php?rest_route=%2Fwp%2Fv2%2Fcomments&post=1535"}],"version-history":[{"count":50,"href":"https:\/\/www.memorial-odlozil.cz\/index.php?rest_route=\/wp\/v2\/pages\/1535\/revisions"}],"predecessor-version":[{"id":2290,"href":"https:\/\/www.memorial-odlozil.cz\/index.php?rest_route=\/wp\/v2\/pages\/1535\/revisions\/2290"}],"wp:attachment":[{"href":"https:\/\/www.memorial-odlozil.cz\/index.php?rest_route=%2Fwp%2Fv2%2Fmedia&parent=1535"}],"curies":[{"name":"wp","href":"https:\/\/api.w.org\/{rel}","templated":true}]}}